{"id":2915,"date":"2022-07-19T01:20:18","date_gmt":"2022-07-19T01:20:18","guid":{"rendered":"https:\/\/redescubramossonora.mx\/museodelosyaquis\/?page_id=2915"},"modified":"2022-12-28T23:46:39","modified_gmt":"2022-12-29T06:46:39","slug":"gobierno-politico-religioso","status":"publish","type":"page","link":"https:\/\/redescubramossonora.mx\/museodelosyaquis\/gobierno-politico-religioso\/","title":{"rendered":"Gobierno pol\u00edtico religioso"},"content":{"rendered":"\t\t<div data-elementor-type=\"wp-page\" data-elementor-id=\"2915\" class=\"elementor elementor-2915\" data-elementor-post-type=\"page\">\n\t\t\t\t\t\t<section class=\"elementor-section elementor-top-section elementor-element elementor-element-7e27f58 elementor-section-boxed elementor-section-height-default elementor-section-height-default\" data-id=\"7e27f58\" data-element_type=\"section\" data-e-type=\"section\">\n\t\t\t\t\t\t<div class=\"elementor-container elementor-column-gap-default\">\n\t\t\t\t\t<div class=\"elementor-column elementor-col-100 elementor-top-column elementor-element elementor-element-4968a2e\" data-id=\"4968a2e\" data-element_type=\"column\" data-e-type=\"column\">\n\t\t\t<div class=\"elementor-widget-wrap elementor-element-populated\">\n\t\t\t\t\t\t<div class=\"elementor-element elementor-element-955e0b4 elementor-widget elementor-widget-text-editor\" data-id=\"955e0b4\" data-element_type=\"widget\" data-e-type=\"widget\" data-widget_type=\"text-editor.default\">\n\t\t\t\t<div class=\"elementor-widget-container\">\n\t\t\t\t\t\t\t\t\t<p>Al yaqui se le educa para servir al pueblo y, en caso de obtener alg\u00fan cargo de autoridad, debe \u00abmandar obedeciendo los preceptos del pueblo\u00bb. Este legado ancestral, forma parte de los conocimientos milenarios, adquiridos y transmitidos v\u00eda oral, preserv\u00e1ndose en la memoria colectiva. Por eso, en todas las comunidades yaquis se reconoce a los ancianos como autoridad moral, y a sus palabras como sabias: se les escucha, respeta y obedece<a href=\"https:\/\/redescubramossonora.mx\/museodelosyaquis\/gobierno-politico-religioso\/#gobierno-referencias\">[1]<\/a>.<\/p>\t\t\t\t\t\t\t\t<\/div>\n\t\t\t\t<\/div>\n\t\t\t\t\t<\/div>\n\t\t<\/div>\n\t\t\t\t\t<\/div>\n\t\t<\/section>\n\t\t\t\t<section class=\"elementor-section elementor-top-section elementor-element elementor-element-d7c22e6 elementor-section-boxed elementor-section-height-default elementor-section-height-default\" data-id=\"d7c22e6\" data-element_type=\"section\" data-e-type=\"section\">\n\t\t\t\t\t\t<div class=\"elementor-container elementor-column-gap-default\">\n\t\t\t\t\t<div class=\"elementor-column elementor-col-100 elementor-top-column elementor-element elementor-element-562d11e\" data-id=\"562d11e\" data-element_type=\"column\" data-e-type=\"column\">\n\t\t\t<div class=\"elementor-widget-wrap elementor-element-populated\">\n\t\t\t\t\t\t<div class=\"elementor-element elementor-element-5359ffa elementor-widget elementor-widget-image\" data-id=\"5359ffa\" data-element_type=\"widget\" data-e-type=\"widget\" data-widget_type=\"image.default\">\n\t\t\t\t<div class=\"elementor-widget-container\">\n\t\t\t\t\t\t\t\t\t\t\t\t<figure class=\"wp-caption\">\n\t\t\t\t\t\t\t\t\t\t<img fetchpriority=\"high\" decoding=\"async\" width=\"741\" height=\"310\" src=\"https:\/\/redescubramossonora.mx\/museodelosyaquis\/wp-content\/uploads\/2022\/07\/Organizacion-politica-y-religiosa.png\" class=\"attachment-large size-large wp-image-2948\" alt=\"\" srcset=\"https:\/\/redescubramossonora.mx\/museodelosyaquis\/wp-content\/uploads\/2022\/07\/Organizacion-politica-y-religiosa.png 741w, https:\/\/redescubramossonora.mx\/museodelosyaquis\/wp-content\/uploads\/2022\/07\/Organizacion-politica-y-religiosa-300x126.png 300w, https:\/\/redescubramossonora.mx\/museodelosyaquis\/wp-content\/uploads\/2022\/07\/Organizacion-politica-y-religiosa-205x86.png 205w\" sizes=\"(max-width: 741px) 100vw, 741px\" \/>\t\t\t\t\t\t\t\t\t\t\t<figcaption class=\"widget-image-caption wp-caption-text\">Yaquis. Fuente: Museo \u00c9tnico de los Yaquis<\/figcaption>\n\t\t\t\t\t\t\t\t\t\t<\/figure>\n\t\t\t\t\t\t\t\t\t<\/div>\n\t\t\t\t<\/div>\n\t\t\t\t\t<\/div>\n\t\t<\/div>\n\t\t\t\t\t<\/div>\n\t\t<\/section>\n\t\t\t\t<section class=\"elementor-section elementor-top-section elementor-element elementor-element-2247e45 elementor-section-boxed elementor-section-height-default elementor-section-height-default\" data-id=\"2247e45\" data-element_type=\"section\" data-e-type=\"section\">\n\t\t\t\t\t\t<div class=\"elementor-container elementor-column-gap-default\">\n\t\t\t\t\t<div class=\"elementor-column elementor-col-100 elementor-top-column elementor-element elementor-element-01a2d30\" data-id=\"01a2d30\" data-element_type=\"column\" data-e-type=\"column\">\n\t\t\t<div class=\"elementor-widget-wrap elementor-element-populated\">\n\t\t\t\t\t\t<div class=\"elementor-element elementor-element-009a20a elementor-widget-divider--view-line elementor-widget elementor-widget-divider\" data-id=\"009a20a\" data-element_type=\"widget\" data-e-type=\"widget\" data-widget_type=\"divider.default\">\n\t\t\t\t<div class=\"elementor-widget-container\">\n\t\t\t\t\t\t\t<div class=\"elementor-divider\">\n\t\t\t<span class=\"elementor-divider-separator\">\n\t\t\t\t\t\t<\/span>\n\t\t<\/div>\n\t\t\t\t\t\t<\/div>\n\t\t\t\t<\/div>\n\t\t\t\t\t<\/div>\n\t\t<\/div>\n\t\t\t\t\t<\/div>\n\t\t<\/section>\n\t\t\t\t<section class=\"elementor-section elementor-top-section elementor-element elementor-element-a7fdb10 elementor-section-boxed elementor-section-height-default elementor-section-height-default\" data-id=\"a7fdb10\" data-element_type=\"section\" data-e-type=\"section\">\n\t\t\t\t\t\t<div class=\"elementor-container elementor-column-gap-default\">\n\t\t\t\t\t<div class=\"elementor-column elementor-col-100 elementor-top-column elementor-element elementor-element-04d8f6e\" data-id=\"04d8f6e\" data-element_type=\"column\" data-e-type=\"column\">\n\t\t\t<div class=\"elementor-widget-wrap elementor-element-populated\">\n\t\t\t\t\t\t<section class=\"elementor-section elementor-inner-section elementor-element elementor-element-bc22ca3 elementor-section-boxed elementor-section-height-default elementor-section-height-default\" data-id=\"bc22ca3\" data-element_type=\"section\" data-e-type=\"section\">\n\t\t\t\t\t\t<div class=\"elementor-container elementor-column-gap-default\">\n\t\t\t\t\t<div class=\"elementor-column elementor-col-100 elementor-inner-column elementor-element elementor-element-fa8e24e\" data-id=\"fa8e24e\" data-element_type=\"column\" data-e-type=\"column\">\n\t\t\t<div class=\"elementor-widget-wrap elementor-element-populated\">\n\t\t\t\t\t\t<div class=\"elementor-element elementor-element-102d77e elementor-widget elementor-widget-text-editor\" data-id=\"102d77e\" data-element_type=\"widget\" data-e-type=\"widget\" data-widget_type=\"text-editor.default\">\n\t\t\t\t<div class=\"elementor-widget-container\">\n\t\t\t\t\t\t\t\t\t<p><span style=\"text-align: justify;\">Uno de los juramentos m\u00e1s emblem\u00e1ticos y conocidos dentro y fuera de la tribu, es el juramento de capit\u00e1n a la milicia y pueblo yaqui. En \u00e9l se concentra gran parte del deber ser en relaci\u00f3n con las creencias culturales de grupo.<\/span><\/p>\t\t\t\t\t\t\t\t<\/div>\n\t\t\t\t<\/div>\n\t\t\t\t<div class=\"elementor-element elementor-element-491f89c elementor-widget elementor-widget-image\" data-id=\"491f89c\" data-element_type=\"widget\" data-e-type=\"widget\" data-widget_type=\"image.default\">\n\t\t\t\t<div class=\"elementor-widget-container\">\n\t\t\t\t\t\t\t\t\t\t\t\t<figure class=\"wp-caption\">\n\t\t\t\t\t\t\t\t\t\t\t<a href=\"https:\/\/redescubramossonora.mx\/museodelosyaquis\/wp-content\/uploads\/tainacan-items\/821\/919\/Juramento-de-capitan-454x1000.jpg\" data-elementor-open-lightbox=\"yes\" data-elementor-lightbox-title=\"Juramento de capit\u00e1n\" data-e-action-hash=\"#elementor-action%3Aaction%3Dlightbox%26settings%3DeyJpZCI6MTgxNywidXJsIjoiaHR0cHM6XC9cL3JlZGVzY3VicmFtb3Nzb25vcmEubXhcL211c2VvZGVsb3N5YXF1aXNcL3dwLWNvbnRlbnRcL3VwbG9hZHNcL3RhaW5hY2FuLWl0ZW1zXC84MjFcLzkxOVwvSnVyYW1lbnRvLWRlLWNhcGl0YW4tNDU0eDEwMDAuanBnIn0%3D\">\n\t\t\t\t\t\t\t<img decoding=\"async\" width=\"454\" height=\"1000\" src=\"https:\/\/redescubramossonora.mx\/museodelosyaquis\/wp-content\/uploads\/tainacan-items\/821\/919\/Juramento-de-capitan-454x1000.jpg\" class=\"attachment-large size-large wp-image-1817\" alt=\"\" srcset=\"https:\/\/redescubramossonora.mx\/museodelosyaquis\/wp-content\/uploads\/tainacan-items\/821\/919\/Juramento-de-capitan-454x1000.jpg 454w, https:\/\/redescubramossonora.mx\/museodelosyaquis\/wp-content\/uploads\/tainacan-items\/821\/919\/Juramento-de-capitan-136x300.jpg 136w, https:\/\/redescubramossonora.mx\/museodelosyaquis\/wp-content\/uploads\/tainacan-items\/821\/919\/Juramento-de-capitan-205x452.jpg 205w\" sizes=\"(max-width: 454px) 100vw, 454px\" \/>\t\t\t\t\t\t\t\t<\/a>\n\t\t\t\t\t\t\t\t\t\t\t<figcaption class=\"widget-image-caption wp-caption-text\">Juramento de capit\u00e1n yaqui. Museo \u00c9tnico de los Yaquis. Sala de gobierno. Fot\u00f3grafo: Juan Casanova.<\/figcaption>\n\t\t\t\t\t\t\t\t\t\t<\/figure>\n\t\t\t\t\t\t\t\t\t<\/div>\n\t\t\t\t<\/div>\n\t\t\t\t<div class=\"elementor-element elementor-element-daf301a elementor-align-center elementor-widget elementor-widget-button\" data-id=\"daf301a\" data-element_type=\"widget\" data-e-type=\"widget\" data-widget_type=\"button.default\">\n\t\t\t\t<div class=\"elementor-widget-container\">\n\t\t\t\t\t\t\t\t\t<div class=\"elementor-button-wrapper\">\n\t\t\t\t\t<a class=\"elementor-button elementor-button-link elementor-size-sm\" href=\"https:\/\/redescubramossonora.mx\/museodelosyaquis\/coleccion\/juramento-de-capitan-yaqui\/?perpage=24&#038;order=ASC&#038;orderby=date&#038;search=juramento&#038;pos=4&#038;source_list=collection&#038;ref=%2Fmuseodelosyaquis%2Fcoleccion%2F\" target=\"_blank\">\n\t\t\t\t\t\t<span class=\"elementor-button-content-wrapper\">\n\t\t\t\t\t\t\t\t\t<span class=\"elementor-button-text\">Ver elemento<\/span>\n\t\t\t\t\t<\/span>\n\t\t\t\t\t<\/a>\n\t\t\t\t<\/div>\n\t\t\t\t\t\t\t\t<\/div>\n\t\t\t\t<\/div>\n\t\t\t\t\t<\/div>\n\t\t<\/div>\n\t\t\t\t\t<\/div>\n\t\t<\/section>\n\t\t\t\t\t<\/div>\n\t\t<\/div>\n\t\t\t\t\t<\/div>\n\t\t<\/section>\n\t\t\t\t<section class=\"elementor-section elementor-top-section elementor-element elementor-element-9cd1ca8 elementor-section-boxed elementor-section-height-default elementor-section-height-default\" data-id=\"9cd1ca8\" data-element_type=\"section\" data-e-type=\"section\">\n\t\t\t\t\t\t<div class=\"elementor-container elementor-column-gap-default\">\n\t\t\t\t\t<div class=\"elementor-column elementor-col-100 elementor-top-column elementor-element elementor-element-cd68a55\" data-id=\"cd68a55\" data-element_type=\"column\" data-e-type=\"column\">\n\t\t\t<div class=\"elementor-widget-wrap elementor-element-populated\">\n\t\t\t\t\t\t<section class=\"elementor-section elementor-inner-section elementor-element elementor-element-52c8560 elementor-section-boxed elementor-section-height-default elementor-section-height-default\" data-id=\"52c8560\" data-element_type=\"section\" data-e-type=\"section\">\n\t\t\t\t\t\t<div class=\"elementor-container elementor-column-gap-default\">\n\t\t\t\t\t<div class=\"elementor-column elementor-col-50 elementor-inner-column elementor-element elementor-element-14509b1\" data-id=\"14509b1\" data-element_type=\"column\" data-e-type=\"column\">\n\t\t\t<div class=\"elementor-widget-wrap elementor-element-populated\">\n\t\t\t\t\t\t<div class=\"elementor-element elementor-element-fea6b82 elementor-widget elementor-widget-text-editor\" data-id=\"fea6b82\" data-element_type=\"widget\" data-e-type=\"widget\" data-widget_type=\"text-editor.default\">\n\t\t\t\t<div class=\"elementor-widget-container\">\n\t\t\t\t\t\t\t\t\t<p>Durante la evangelizaci\u00f3n, en el aspecto pol\u00edtico se incorpor\u00f3 la creaci\u00f3n de cargos civiles y militares, cuyas funciones eran parecidas a las existentes dentro de los pueblos espa\u00f1oles. Los primeros se constitu\u00edan por un gobernador, alcalde, alguacil, fiscal y topil, responsables de vigilar la organizaci\u00f3n para el trabajo y el orden dentro de las misiones; mientras, los militares quedaban integrados por un capit\u00e1n de guerra, alf\u00e9rez, sargentos, cabos y soldados. Su funci\u00f3n era vigilar las misiones de posibles invasiones de seris o apaches<a href=\"https:\/\/redescubramossonora.mx\/museodelosyaquis\/gobierno-politico-religioso\/#gobierno-referencias\">[2]<\/a>. Despu\u00e9s de la expulsi\u00f3n de los jesuitas de todo territorio espa\u00f1ol en 1767, la tribu asumi\u00f3 una total autonom\u00eda respecto a su vida religiosa y su organizaci\u00f3n pol\u00edtica, pero se mantuvo gran parte de la estructura formada por los jesuitas, esta forma de gobierno fue tal vez el legado m\u00e1s importante de los religiosos.<\/p><p>Por lo tanto, es posible identificar una estructura interna de gobierno con dos principios b\u00e1sicos: el primero a partir de una combinaci\u00f3n de la autonom\u00eda bajo el poder de Dios; la santora, constituido por las im\u00e1genes que se encuentran en el interior de las iglesias; de los\u00a0<em>ya\u2019uram,\u00a0<\/em>\u00abgobernadores yaquis consagrados\u00bb y el del\u00a0<em>puepplom<\/em>\u00a0o \u00abpueblo\u00bb. El segundo principio se fundamenta en la resoluci\u00f3n de problem\u00e1ticas mediante el acuerdo y consenso<a href=\"https:\/\/redescubramossonora.mx\/museodelosyaquis\/gobierno-politico-religioso\/#gobierno-referencias\">[3]<\/a>.<\/p>\t\t\t\t\t\t\t\t<\/div>\n\t\t\t\t<\/div>\n\t\t\t\t\t<\/div>\n\t\t<\/div>\n\t\t\t\t<div class=\"elementor-column elementor-col-50 elementor-inner-column elementor-element elementor-element-88efdd9\" data-id=\"88efdd9\" data-element_type=\"column\" data-e-type=\"column\">\n\t\t\t<div class=\"elementor-widget-wrap elementor-element-populated\">\n\t\t\t\t\t\t<div class=\"elementor-element elementor-element-e74627f elementor-widget elementor-widget-image\" data-id=\"e74627f\" data-element_type=\"widget\" data-e-type=\"widget\" data-widget_type=\"image.default\">\n\t\t\t\t<div class=\"elementor-widget-container\">\n\t\t\t\t\t\t\t\t\t\t\t\t<figure class=\"wp-caption\">\n\t\t\t\t\t\t\t\t\t\t\t<a href=\"https:\/\/redescubramossonora.mx\/cartografia\/chorographia-de-las-misiones-apostolicas-que-administro-antes-en-topia-y-la-tepeguana-y-actualmente-administra-en-nayarit-tarahumara-chinipas-cinaloa-sonora-pimeria-y-california-de-la-compania-de\/\" target=\"_blank\">\n\t\t\t\t\t\t\t<img decoding=\"async\" width=\"1024\" height=\"784\" src=\"https:\/\/redescubramossonora.mx\/museodelosyaquis\/wp-content\/uploads\/2022\/07\/RS-M-MMOYB-044-1-1024x784.jpg\" class=\"attachment-large size-large wp-image-2869\" alt=\"\" srcset=\"https:\/\/redescubramossonora.mx\/museodelosyaquis\/wp-content\/uploads\/2022\/07\/RS-M-MMOYB-044-1-1024x784.jpg 1024w, https:\/\/redescubramossonora.mx\/museodelosyaquis\/wp-content\/uploads\/2022\/07\/RS-M-MMOYB-044-1-300x230.jpg 300w, https:\/\/redescubramossonora.mx\/museodelosyaquis\/wp-content\/uploads\/2022\/07\/RS-M-MMOYB-044-1-768x588.jpg 768w, https:\/\/redescubramossonora.mx\/museodelosyaquis\/wp-content\/uploads\/2022\/07\/RS-M-MMOYB-044-1-1536x1175.jpg 1536w, https:\/\/redescubramossonora.mx\/museodelosyaquis\/wp-content\/uploads\/2022\/07\/RS-M-MMOYB-044-1-2048x1567.jpg 2048w, https:\/\/redescubramossonora.mx\/museodelosyaquis\/wp-content\/uploads\/2022\/07\/RS-M-MMOYB-044-1-205x157.jpg 205w\" sizes=\"(max-width: 1024px) 100vw, 1024px\" \/>\t\t\t\t\t\t\t\t<\/a>\n\t\t\t\t\t\t\t\t\t\t\t<figcaption class=\"widget-image-caption wp-caption-text\">Corograf\u00eda Jesuita. En ella se plasma el avance y situaci\u00f3n evangelizadora en todo el septentri\u00f3n americano. Fuente: Mapoteca Manuel Orozco y Berra<\/figcaption>\n\t\t\t\t\t\t\t\t\t\t<\/figure>\n\t\t\t\t\t\t\t\t\t<\/div>\n\t\t\t\t<\/div>\n\t\t\t\t<div class=\"elementor-element elementor-element-b762765 elementor-align-center elementor-widget elementor-widget-button\" data-id=\"b762765\" data-element_type=\"widget\" data-e-type=\"widget\" data-widget_type=\"button.default\">\n\t\t\t\t<div class=\"elementor-widget-container\">\n\t\t\t\t\t\t\t\t\t<div class=\"elementor-button-wrapper\">\n\t\t\t\t\t<a class=\"elementor-button elementor-button-link elementor-size-sm\" href=\"https:\/\/redescubramossonora.mx\/cartografia\/chorographia-de-las-misiones-apostolicas-que-administro-antes-en-topia-y-la-tepeguana-y-actualmente-administra-en-nayarit-tarahumara-chinipas-cinaloa-sonora-pimeria-y-california-de-la-compania-de\/\" target=\"_blank\">\n\t\t\t\t\t\t<span class=\"elementor-button-content-wrapper\">\n\t\t\t\t\t\t\t\t\t<span class=\"elementor-button-text\">Ver elemento<\/span>\n\t\t\t\t\t<\/span>\n\t\t\t\t\t<\/a>\n\t\t\t\t<\/div>\n\t\t\t\t\t\t\t\t<\/div>\n\t\t\t\t<\/div>\n\t\t\t\t\t<\/div>\n\t\t<\/div>\n\t\t\t\t\t<\/div>\n\t\t<\/section>\n\t\t\t\t\t<\/div>\n\t\t<\/div>\n\t\t\t\t\t<\/div>\n\t\t<\/section>\n\t\t\t\t<section class=\"elementor-section elementor-top-section elementor-element elementor-element-113e429 elementor-section-boxed elementor-section-height-default elementor-section-height-default\" data-id=\"113e429\" data-element_type=\"section\" data-e-type=\"section\">\n\t\t\t\t\t\t<div class=\"elementor-container elementor-column-gap-default\">\n\t\t\t\t\t<div class=\"elementor-column elementor-col-100 elementor-top-column elementor-element elementor-element-9c9ba74\" data-id=\"9c9ba74\" data-element_type=\"column\" data-e-type=\"column\">\n\t\t\t<div class=\"elementor-widget-wrap elementor-element-populated\">\n\t\t\t\t\t\t<section class=\"elementor-section elementor-inner-section elementor-element elementor-element-04d2ab1 elementor-section-boxed elementor-section-height-default elementor-section-height-default\" data-id=\"04d2ab1\" data-element_type=\"section\" data-e-type=\"section\">\n\t\t\t\t\t\t<div class=\"elementor-container elementor-column-gap-default\">\n\t\t\t\t\t<div class=\"elementor-column elementor-col-50 elementor-inner-column elementor-element elementor-element-c6d8b4b\" data-id=\"c6d8b4b\" data-element_type=\"column\" data-e-type=\"column\" data-settings=\"{&quot;background_background&quot;:&quot;classic&quot;}\">\n\t\t\t<div class=\"elementor-widget-wrap elementor-element-populated\">\n\t\t\t\t\t\t<div class=\"elementor-element elementor-element-336e887 elementor-widget elementor-widget-text-editor\" data-id=\"336e887\" data-element_type=\"widget\" data-e-type=\"widget\" data-widget_type=\"text-editor.default\">\n\t\t\t\t<div class=\"elementor-widget-container\">\n\t\t\t\t\t\t\t\t\t<h4 class=\"elementor-heading-title elementor-size-default elementor-inline-editing pen\" style=\"text-align: center;\" contenteditable=\"true\" data-elementor-setting-key=\"title\" data-pen-placeholder=\"Teclea aqu\u00ed...\">Teocracia\u200b<\/h4><p>La autoridad religiosa se encarga de diversos asuntos, no s\u00f3lo los relacionados con el culto. La integran: el\u00a0<em>Temastimol<\/em>\u00a0o \u00abtemastian\u00bb y el\u00a0<em>maestro kapia<\/em>. Actualmente la m\u00e1xima autoridad en la toma de decisiones recae en la iglesia, por medio de la figura del\u00a0<em>maejto principal<\/em>.<\/p><p>Los temastianes, originalmente fueron acompa\u00f1antes de los jesuitas, sirvieron en un principio como padrinos de aquellos que habr\u00edan de bautizarse y fungieron como catequistas de la poblaci\u00f3n. Tras la expulsi\u00f3n de los jesuitas, la m\u00e1s alta figura de autoridad religiosa fue puesta en ellos. Actualmente su rango equivale al de un obispo y preside las ceremonias m\u00e1s importantes de la tribu\u00a0<a href=\"https:\/\/redescubramossonora.mx\/museodelosyaquis\/gobierno-politico-religioso\/#gobierno-referencias\">[4]<\/a>.<\/p><p>Cabe se\u00f1alar que el nombre\u00a0<em>temasti\u00e1n<\/em>\u00a0no es una derivaci\u00f3n de sacrist\u00e1n sino un pr\u00e9stamo del n\u00e1huatl. Por lo que existe una alta posibilidad de que este sincretismo en particular no provenga de la doctrina jesuita-yaqui, sino n\u00e1huatl-yaqui<a href=\"https:\/\/redescubramossonora.mx\/museodelosyaquis\/gobierno-politico-religioso\/#gobierno-referencias\">[5]<\/a>.<\/p>\t\t\t\t\t\t\t\t<\/div>\n\t\t\t\t<\/div>\n\t\t\t\t\t<\/div>\n\t\t<\/div>\n\t\t\t\t<div class=\"elementor-column elementor-col-50 elementor-inner-column elementor-element elementor-element-d6d0f22\" data-id=\"d6d0f22\" data-element_type=\"column\" data-e-type=\"column\" data-settings=\"{&quot;background_background&quot;:&quot;classic&quot;}\">\n\t\t\t<div class=\"elementor-widget-wrap elementor-element-populated\">\n\t\t\t\t\t\t<div class=\"elementor-element elementor-element-a4be506 elementor-widget elementor-widget-image\" data-id=\"a4be506\" data-element_type=\"widget\" data-e-type=\"widget\" data-widget_type=\"image.default\">\n\t\t\t\t<div class=\"elementor-widget-container\">\n\t\t\t\t\t\t\t\t\t\t\t\t<figure class=\"wp-caption\">\n\t\t\t\t\t\t\t\t\t\t<img loading=\"lazy\" decoding=\"async\" width=\"1024\" height=\"682\" src=\"https:\/\/redescubramossonora.mx\/museodelosyaquis\/wp-content\/uploads\/2022\/07\/WEB-CATALOGACION-OBREGON-2016-2553-1024x682.jpg\" class=\"attachment-large size-large wp-image-2953\" alt=\"\" srcset=\"https:\/\/redescubramossonora.mx\/museodelosyaquis\/wp-content\/uploads\/2022\/07\/WEB-CATALOGACION-OBREGON-2016-2553-1024x682.jpg 1024w, https:\/\/redescubramossonora.mx\/museodelosyaquis\/wp-content\/uploads\/2022\/07\/WEB-CATALOGACION-OBREGON-2016-2553-300x200.jpg 300w, https:\/\/redescubramossonora.mx\/museodelosyaquis\/wp-content\/uploads\/2022\/07\/WEB-CATALOGACION-OBREGON-2016-2553-768x512.jpg 768w, https:\/\/redescubramossonora.mx\/museodelosyaquis\/wp-content\/uploads\/2022\/07\/WEB-CATALOGACION-OBREGON-2016-2553-205x137.jpg 205w, https:\/\/redescubramossonora.mx\/museodelosyaquis\/wp-content\/uploads\/2022\/07\/WEB-CATALOGACION-OBREGON-2016-2553-1400x933.jpg 1400w\" sizes=\"(max-width: 1024px) 100vw, 1024px\" \/>\t\t\t\t\t\t\t\t\t\t\t<figcaption class=\"widget-image-caption wp-caption-text\">Temasti\u00e1n (camisa roja) en ceremonia para el cambio de gobernador yaqui. Museo \u00c9tnico de los Yaquis. Sala de Gobierno. Fot\u00f3grafo: Juan Casanova<\/figcaption>\n\t\t\t\t\t\t\t\t\t\t<\/figure>\n\t\t\t\t\t\t\t\t\t<\/div>\n\t\t\t\t<\/div>\n\t\t\t\t\t<\/div>\n\t\t<\/div>\n\t\t\t\t\t<\/div>\n\t\t<\/section>\n\t\t\t\t\t<\/div>\n\t\t<\/div>\n\t\t\t\t\t<\/div>\n\t\t<\/section>\n\t\t\t\t<section class=\"elementor-section elementor-top-section elementor-element elementor-element-4e7ecfa elementor-section-boxed elementor-section-height-default elementor-section-height-default\" data-id=\"4e7ecfa\" data-element_type=\"section\" data-e-type=\"section\">\n\t\t\t\t\t\t<div class=\"elementor-container elementor-column-gap-default\">\n\t\t\t\t\t<div class=\"elementor-column elementor-col-100 elementor-top-column elementor-element elementor-element-d2a5726\" data-id=\"d2a5726\" data-element_type=\"column\" data-e-type=\"column\" data-settings=\"{&quot;background_background&quot;:&quot;classic&quot;}\">\n\t\t\t<div class=\"elementor-widget-wrap elementor-element-populated\">\n\t\t\t\t\t\t<section class=\"elementor-section elementor-inner-section elementor-element elementor-element-7f1b7fc elementor-section-boxed elementor-section-height-default elementor-section-height-default\" data-id=\"7f1b7fc\" data-element_type=\"section\" data-e-type=\"section\">\n\t\t\t\t\t\t<div class=\"elementor-container elementor-column-gap-default\">\n\t\t\t\t\t<div class=\"elementor-column elementor-col-50 elementor-inner-column elementor-element elementor-element-788ebef\" data-id=\"788ebef\" data-element_type=\"column\" data-e-type=\"column\">\n\t\t\t<div class=\"elementor-widget-wrap elementor-element-populated\">\n\t\t\t\t\t\t<div class=\"elementor-element elementor-element-d6e376d elementor-widget elementor-widget-image\" data-id=\"d6e376d\" data-element_type=\"widget\" data-e-type=\"widget\" data-widget_type=\"image.default\">\n\t\t\t\t<div class=\"elementor-widget-container\">\n\t\t\t\t\t\t\t\t\t\t\t\t<figure class=\"wp-caption\">\n\t\t\t\t\t\t\t\t\t\t<img loading=\"lazy\" decoding=\"async\" width=\"1024\" height=\"682\" src=\"https:\/\/redescubramossonora.mx\/museodelosyaquis\/wp-content\/uploads\/2022\/07\/WEB-CATALOGACION-OBREGON-2016-2383-1024x682.jpg\" class=\"attachment-large size-large wp-image-2954\" alt=\"\" srcset=\"https:\/\/redescubramossonora.mx\/museodelosyaquis\/wp-content\/uploads\/2022\/07\/WEB-CATALOGACION-OBREGON-2016-2383-1024x682.jpg 1024w, https:\/\/redescubramossonora.mx\/museodelosyaquis\/wp-content\/uploads\/2022\/07\/WEB-CATALOGACION-OBREGON-2016-2383-300x200.jpg 300w, https:\/\/redescubramossonora.mx\/museodelosyaquis\/wp-content\/uploads\/2022\/07\/WEB-CATALOGACION-OBREGON-2016-2383-768x512.jpg 768w, https:\/\/redescubramossonora.mx\/museodelosyaquis\/wp-content\/uploads\/2022\/07\/WEB-CATALOGACION-OBREGON-2016-2383-205x137.jpg 205w, https:\/\/redescubramossonora.mx\/museodelosyaquis\/wp-content\/uploads\/2022\/07\/WEB-CATALOGACION-OBREGON-2016-2383-1400x933.jpg 1400w\" sizes=\"(max-width: 1024px) 100vw, 1024px\" \/>\t\t\t\t\t\t\t\t\t\t\t<figcaption class=\"widget-image-caption wp-caption-text\">Ten\u00e1nchi. Es una mujer joven que lleva la bandera en las procesiones de la V\u00edrgen. Museo \u00c9tnico de los Yaquis. Sala de fiestas tradicionales. Fot\u00f3grafo: Juan Casanova<\/figcaption>\n\t\t\t\t\t\t\t\t\t\t<\/figure>\n\t\t\t\t\t\t\t\t\t<\/div>\n\t\t\t\t<\/div>\n\t\t\t\t\t<\/div>\n\t\t<\/div>\n\t\t\t\t<div class=\"elementor-column elementor-col-50 elementor-inner-column elementor-element elementor-element-c61b06d\" data-id=\"c61b06d\" data-element_type=\"column\" data-e-type=\"column\">\n\t\t\t<div class=\"elementor-widget-wrap elementor-element-populated\">\n\t\t\t\t\t\t<div class=\"elementor-element elementor-element-53b0add elementor-widget elementor-widget-text-editor\" data-id=\"53b0add\" data-element_type=\"widget\" data-e-type=\"widget\" data-widget_type=\"text-editor.default\">\n\t\t\t\t<div class=\"elementor-widget-container\">\n\t\t\t\t\t\t\t\t\t<p>Durante los siglos XX y XXI los temastianes han tenido como auxiliares a los maistros, quienes se hacen cargo de algunas ceremonias menores y presiden los cantos durante las celebraciones religiosas; la autoridad que ejercen es semejante en funciones a la de los sacerdotes cat\u00f3licos. Otro cargo eclesi\u00e1stico es la figura del\u00a0<em>Piscal mol<\/em>, quien es el catequista de la comunidad; se encarga de ense\u00f1ar la doctrina y valores yaquis a ni\u00f1os y j\u00f3venes <a href=\"https:\/\/redescubramossonora.mx\/museodelosyaquis\/gobierno-politico-religioso\/#gobierno-referencias\">[6]<\/a>.<\/p><p>Por su parte, la participaci\u00f3n de la mujer dentro del organigrama religioso se encuentra en la incorporaci\u00f3n de la cantora, quien obedece al cumplimiento de una manda. Actualmente ellas son una parte medular de la jerarqu\u00eda religiosa y pol\u00edtica, debido a que son ellas quienes deciden en \u00faltima instancia si un rito se realiza, en qu\u00e9 lugar, de qu\u00e9 manera y en qu\u00e9 medida. Las cantoras no formaban parte de la estructura propuesta por los jesuitas.<\/p>\t\t\t\t\t\t\t\t<\/div>\n\t\t\t\t<\/div>\n\t\t\t\t\t<\/div>\n\t\t<\/div>\n\t\t\t\t\t<\/div>\n\t\t<\/section>\n\t\t\t\t\t<\/div>\n\t\t<\/div>\n\t\t\t\t\t<\/div>\n\t\t<\/section>\n\t\t\t\t<section class=\"elementor-section elementor-top-section elementor-element elementor-element-618a3ee elementor-section-boxed elementor-section-height-default elementor-section-height-default\" data-id=\"618a3ee\" data-element_type=\"section\" data-e-type=\"section\">\n\t\t\t\t\t\t<div class=\"elementor-container elementor-column-gap-default\">\n\t\t\t\t\t<div class=\"elementor-column elementor-col-100 elementor-top-column elementor-element elementor-element-a88004f\" data-id=\"a88004f\" data-element_type=\"column\" data-e-type=\"column\">\n\t\t\t<div class=\"elementor-widget-wrap elementor-element-populated\">\n\t\t\t\t\t\t<section class=\"elementor-section elementor-inner-section elementor-element elementor-element-f596567 elementor-section-boxed elementor-section-height-default elementor-section-height-default\" data-id=\"f596567\" data-element_type=\"section\" data-e-type=\"section\">\n\t\t\t\t\t\t<div class=\"elementor-container elementor-column-gap-default\">\n\t\t\t\t\t<div class=\"elementor-column elementor-col-50 elementor-inner-column elementor-element elementor-element-ea08596\" data-id=\"ea08596\" data-element_type=\"column\" data-e-type=\"column\">\n\t\t\t<div class=\"elementor-widget-wrap elementor-element-populated\">\n\t\t\t\t\t\t<div class=\"elementor-element elementor-element-cfe0090 elementor-widget elementor-widget-text-editor\" data-id=\"cfe0090\" data-element_type=\"widget\" data-e-type=\"widget\" data-widget_type=\"text-editor.default\">\n\t\t\t\t<div class=\"elementor-widget-container\">\n\t\t\t\t\t\t\t\t\t<h4 class=\"elementor-heading-title elementor-size-default elementor-inline-editing pen\" style=\"text-align: center;\" contenteditable=\"true\" data-elementor-setting-key=\"title\" data-pen-placeholder=\"Teclea aqu\u00ed...\">Gobierno tradicional\u200b<\/h4><p>Es la m\u00e1xima autoridad civil y est\u00e1 formado por cinco\u00a0<em>Kobanaom<\/em>\u00a0\u00abgobernadores\u00bb y un Pueblo Mayor quien preside a los\u00a0<em>basariom,<\/em>\u00a0un grupo de ancianos y ex gobernadores que forman parte del consejo hasta su muerte; ellos representan la voz del pueblo y se aseguran de preservar las tradiciones. El consejo se re\u00fane junto con los gobernadores una vez por semana en la\u00a0<em>komunila<\/em>, considerada como \u00abla segunda Santa Iglesia\u00bb.<\/p><p>Los tres poderes est\u00e1n personificados por el gobernador como ejecutivo; el pueblo mayor como legislativo y el capit\u00e1n el judicial. Se cree que la forma de estructurarse proviene de Cajeme, posiblemente al conformar las guardias despu\u00e9s de los enfrentamientos contra Pesqueira; tambi\u00e9n instituy\u00f3 las guardias y la palabra tropa para referirse al contingente yaqui.<\/p>\t\t\t\t\t\t\t\t<\/div>\n\t\t\t\t<\/div>\n\t\t\t\t\t<\/div>\n\t\t<\/div>\n\t\t\t\t<div class=\"elementor-column elementor-col-50 elementor-inner-column elementor-element elementor-element-61bbdef\" data-id=\"61bbdef\" data-element_type=\"column\" data-e-type=\"column\">\n\t\t\t<div class=\"elementor-widget-wrap elementor-element-populated\">\n\t\t\t\t\t\t<div class=\"elementor-element elementor-element-d119b08 elementor-widget elementor-widget-image\" data-id=\"d119b08\" data-element_type=\"widget\" data-e-type=\"widget\" data-widget_type=\"image.default\">\n\t\t\t\t<div class=\"elementor-widget-container\">\n\t\t\t\t\t\t\t\t\t\t\t\t<figure class=\"wp-caption\">\n\t\t\t\t\t\t\t\t\t\t\t<a href=\"https:\/\/redescubramossonora.mx\/museodelosyaquis\/coleccion\/vara-de-mando\/?perpage=24&#038;order=ASC&#038;orderby=date&#038;search=juramento&#038;pos=0&#038;source_list=collection&#038;ref=%2Fmuseodelosyaquis%2Fcoleccion%2F\" target=\"_blank\">\n\t\t\t\t\t\t\t<img loading=\"lazy\" decoding=\"async\" width=\"1024\" height=\"682\" src=\"https:\/\/redescubramossonora.mx\/museodelosyaquis\/wp-content\/uploads\/tainacan-items\/821\/859\/Vara-de-mando-1024x682.jpg\" class=\"attachment-large size-large wp-image-1574\" alt=\"\" srcset=\"https:\/\/redescubramossonora.mx\/museodelosyaquis\/wp-content\/uploads\/tainacan-items\/821\/859\/Vara-de-mando-1024x682.jpg 1024w, https:\/\/redescubramossonora.mx\/museodelosyaquis\/wp-content\/uploads\/tainacan-items\/821\/859\/Vara-de-mando-300x200.jpg 300w, https:\/\/redescubramossonora.mx\/museodelosyaquis\/wp-content\/uploads\/tainacan-items\/821\/859\/Vara-de-mando-768x512.jpg 768w, https:\/\/redescubramossonora.mx\/museodelosyaquis\/wp-content\/uploads\/tainacan-items\/821\/859\/Vara-de-mando-205x137.jpg 205w, https:\/\/redescubramossonora.mx\/museodelosyaquis\/wp-content\/uploads\/tainacan-items\/821\/859\/Vara-de-mando-1400x933.jpg 1400w\" sizes=\"(max-width: 1024px) 100vw, 1024px\" \/>\t\t\t\t\t\t\t\t<\/a>\n\t\t\t\t\t\t\t\t\t\t\t<figcaption class=\"widget-image-caption wp-caption-text\">Vara de mando. Museo \u00c9tnico de los Yaquis. Sala de gobierno. Fot\u00f3grafo: Juan Casanova.<\/figcaption>\n\t\t\t\t\t\t\t\t\t\t<\/figure>\n\t\t\t\t\t\t\t\t\t<\/div>\n\t\t\t\t<\/div>\n\t\t\t\t<div class=\"elementor-element elementor-element-91f29d6 elementor-align-center elementor-widget elementor-widget-button\" data-id=\"91f29d6\" data-element_type=\"widget\" data-e-type=\"widget\" data-widget_type=\"button.default\">\n\t\t\t\t<div class=\"elementor-widget-container\">\n\t\t\t\t\t\t\t\t\t<div class=\"elementor-button-wrapper\">\n\t\t\t\t\t<a class=\"elementor-button elementor-button-link elementor-size-sm\" href=\"https:\/\/redescubramossonora.mx\/museodelosyaquis\/coleccion\/vara-de-mando\/?perpage=24&#038;order=ASC&#038;orderby=date&#038;search=juramento&#038;pos=0&#038;source_list=collection&#038;ref=%2Fmuseodelosyaquis%2Fcoleccion%2F\" target=\"_blank\">\n\t\t\t\t\t\t<span class=\"elementor-button-content-wrapper\">\n\t\t\t\t\t\t\t\t\t<span class=\"elementor-button-text\">Ver elemento<\/span>\n\t\t\t\t\t<\/span>\n\t\t\t\t\t<\/a>\n\t\t\t\t<\/div>\n\t\t\t\t\t\t\t\t<\/div>\n\t\t\t\t<\/div>\n\t\t\t\t\t<\/div>\n\t\t<\/div>\n\t\t\t\t\t<\/div>\n\t\t<\/section>\n\t\t\t\t\t<\/div>\n\t\t<\/div>\n\t\t\t\t\t<\/div>\n\t\t<\/section>\n\t\t\t\t<section class=\"elementor-section elementor-top-section elementor-element elementor-element-49d87dd elementor-section-boxed elementor-section-height-default elementor-section-height-default\" data-id=\"49d87dd\" data-element_type=\"section\" data-e-type=\"section\">\n\t\t\t\t\t\t<div class=\"elementor-container elementor-column-gap-default\">\n\t\t\t\t\t<div class=\"elementor-column elementor-col-50 elementor-top-column elementor-element elementor-element-4b4973a\" data-id=\"4b4973a\" data-element_type=\"column\" data-e-type=\"column\">\n\t\t\t<div class=\"elementor-widget-wrap elementor-element-populated\">\n\t\t\t\t\t\t<div class=\"elementor-element elementor-element-361bf3d elementor-widget elementor-widget-image\" data-id=\"361bf3d\" data-element_type=\"widget\" data-e-type=\"widget\" data-widget_type=\"image.default\">\n\t\t\t\t<div class=\"elementor-widget-container\">\n\t\t\t\t\t\t\t\t\t\t\t\t<figure class=\"wp-caption\">\n\t\t\t\t\t\t\t\t\t\t\t<a href=\"https:\/\/redescubramossonora.mx\/museodelosyaquis\/coleccion\/gobernador-yaqui\/?perpage=24&#038;order=ASC&#038;orderby=date&#038;search=juramento&#038;pos=2&#038;source_list=collection&#038;ref=%2Fmuseodelosyaquis%2Fcoleccion%2F\" target=\"_blank\">\n\t\t\t\t\t\t\t<img loading=\"lazy\" decoding=\"async\" width=\"768\" height=\"1157\" src=\"https:\/\/redescubramossonora.mx\/museodelosyaquis\/wp-content\/uploads\/tainacan-items\/821\/915\/GOBERNADOR_01-768x1157.jpg\" class=\"attachment-medium_large size-medium_large wp-image-1769\" alt=\"\" srcset=\"https:\/\/redescubramossonora.mx\/museodelosyaquis\/wp-content\/uploads\/tainacan-items\/821\/915\/GOBERNADOR_01-768x1157.jpg 768w, https:\/\/redescubramossonora.mx\/museodelosyaquis\/wp-content\/uploads\/tainacan-items\/821\/915\/GOBERNADOR_01-199x300.jpg 199w, https:\/\/redescubramossonora.mx\/museodelosyaquis\/wp-content\/uploads\/tainacan-items\/821\/915\/GOBERNADOR_01-680x1024.jpg 680w, https:\/\/redescubramossonora.mx\/museodelosyaquis\/wp-content\/uploads\/tainacan-items\/821\/915\/GOBERNADOR_01-1019x1536.jpg 1019w, https:\/\/redescubramossonora.mx\/museodelosyaquis\/wp-content\/uploads\/tainacan-items\/821\/915\/GOBERNADOR_01-1359x2048.jpg 1359w, https:\/\/redescubramossonora.mx\/museodelosyaquis\/wp-content\/uploads\/tainacan-items\/821\/915\/GOBERNADOR_01-205x309.jpg 205w, https:\/\/redescubramossonora.mx\/museodelosyaquis\/wp-content\/uploads\/tainacan-items\/821\/915\/GOBERNADOR_01-1659x2500.jpg 1659w\" sizes=\"(max-width: 768px) 100vw, 768px\" \/>\t\t\t\t\t\t\t\t<\/a>\n\t\t\t\t\t\t\t\t\t\t\t<figcaption class=\"widget-image-caption wp-caption-text\">Ritual pol\u00edtico-religioso. Toma de protesta de gobernador (persona hincada con la vara de mando). Museo \u00c9tnico de los Yaquis. Sala de organizaci\u00f3n pol\u00edtica y religiosa. Fot\u00f3grafo: Olavo Rojas Vega<\/figcaption>\n\t\t\t\t\t\t\t\t\t\t<\/figure>\n\t\t\t\t\t\t\t\t\t<\/div>\n\t\t\t\t<\/div>\n\t\t\t\t<div class=\"elementor-element elementor-element-aac53bc elementor-align-center elementor-widget elementor-widget-button\" data-id=\"aac53bc\" data-element_type=\"widget\" data-e-type=\"widget\" data-widget_type=\"button.default\">\n\t\t\t\t<div class=\"elementor-widget-container\">\n\t\t\t\t\t\t\t\t\t<div class=\"elementor-button-wrapper\">\n\t\t\t\t\t<a class=\"elementor-button elementor-button-link elementor-size-sm\" href=\"https:\/\/redescubramossonora.mx\/museodelosyaquis\/coleccion\/gobernador-yaqui\/?perpage=24&#038;order=ASC&#038;orderby=date&#038;search=juramento&#038;pos=2&#038;source_list=collection&#038;ref=%2Fmuseodelosyaquis%2Fcoleccion%2F\" target=\"_blank\">\n\t\t\t\t\t\t<span class=\"elementor-button-content-wrapper\">\n\t\t\t\t\t\t\t\t\t<span class=\"elementor-button-text\">Ver elemento<\/span>\n\t\t\t\t\t<\/span>\n\t\t\t\t\t<\/a>\n\t\t\t\t<\/div>\n\t\t\t\t\t\t\t\t<\/div>\n\t\t\t\t<\/div>\n\t\t\t\t\t<\/div>\n\t\t<\/div>\n\t\t\t\t<div class=\"elementor-column elementor-col-50 elementor-top-column elementor-element elementor-element-d9697fb\" data-id=\"d9697fb\" data-element_type=\"column\" data-e-type=\"column\">\n\t\t\t<div class=\"elementor-widget-wrap elementor-element-populated\">\n\t\t\t\t\t\t<div class=\"elementor-element elementor-element-8c24c81 elementor-widget elementor-widget-image\" data-id=\"8c24c81\" data-element_type=\"widget\" data-e-type=\"widget\" data-widget_type=\"image.default\">\n\t\t\t\t<div class=\"elementor-widget-container\">\n\t\t\t\t\t\t\t\t\t\t\t\t<figure class=\"wp-caption\">\n\t\t\t\t\t\t\t\t\t\t\t<a href=\"https:\/\/redescubramossonora.mx\/museodelosyaquis\/coleccion\/juramento-de-gobernador-yaqui\/?perpage=24&#038;order=ASC&#038;orderby=date&#038;search=juramento&#038;pos=5&#038;source_list=collection&#038;ref=%2Fmuseodelosyaquis%2Fcoleccion%2F\" target=\"_blank\">\n\t\t\t\t\t\t\t<img loading=\"lazy\" decoding=\"async\" width=\"817\" height=\"1000\" src=\"https:\/\/redescubramossonora.mx\/museodelosyaquis\/wp-content\/uploads\/tainacan-items\/821\/918\/Juramento-de-gobernador-817x1000.jpg\" class=\"attachment-large size-large wp-image-1820\" alt=\"\" srcset=\"https:\/\/redescubramossonora.mx\/museodelosyaquis\/wp-content\/uploads\/tainacan-items\/821\/918\/Juramento-de-gobernador-817x1000.jpg 817w, https:\/\/redescubramossonora.mx\/museodelosyaquis\/wp-content\/uploads\/tainacan-items\/821\/918\/Juramento-de-gobernador-245x300.jpg 245w, https:\/\/redescubramossonora.mx\/museodelosyaquis\/wp-content\/uploads\/tainacan-items\/821\/918\/Juramento-de-gobernador-768x940.jpg 768w, https:\/\/redescubramossonora.mx\/museodelosyaquis\/wp-content\/uploads\/tainacan-items\/821\/918\/Juramento-de-gobernador-205x251.jpg 205w\" sizes=\"(max-width: 817px) 100vw, 817px\" \/>\t\t\t\t\t\t\t\t<\/a>\n\t\t\t\t\t\t\t\t\t\t\t<figcaption class=\"widget-image-caption wp-caption-text\">Juramento de capit\u00e1n yaqui. Museo \u00c9tnico de los Yaquis. Sala de gobierno. Fot\u00f3grafo: Juan Casanova.<\/figcaption>\n\t\t\t\t\t\t\t\t\t\t<\/figure>\n\t\t\t\t\t\t\t\t\t<\/div>\n\t\t\t\t<\/div>\n\t\t\t\t<div class=\"elementor-element elementor-element-e364a52 elementor-align-center elementor-widget elementor-widget-button\" data-id=\"e364a52\" data-element_type=\"widget\" data-e-type=\"widget\" data-widget_type=\"button.default\">\n\t\t\t\t<div class=\"elementor-widget-container\">\n\t\t\t\t\t\t\t\t\t<div class=\"elementor-button-wrapper\">\n\t\t\t\t\t<a class=\"elementor-button elementor-button-link elementor-size-sm\" href=\"https:\/\/redescubramossonora.mx\/museodelosyaquis\/coleccion\/juramento-de-gobernador-yaqui\/?perpage=24&#038;order=ASC&#038;orderby=date&#038;search=juramento&#038;pos=5&#038;source_list=collection&#038;ref=%2Fmuseodelosyaquis%2Fcoleccion%2F\" target=\"_blank\">\n\t\t\t\t\t\t<span class=\"elementor-button-content-wrapper\">\n\t\t\t\t\t\t\t\t\t<span class=\"elementor-button-text\">Ver elemento<\/span>\n\t\t\t\t\t<\/span>\n\t\t\t\t\t<\/a>\n\t\t\t\t<\/div>\n\t\t\t\t\t\t\t\t<\/div>\n\t\t\t\t<\/div>\n\t\t\t\t\t<\/div>\n\t\t<\/div>\n\t\t\t\t\t<\/div>\n\t\t<\/section>\n\t\t\t\t<section class=\"elementor-section elementor-top-section elementor-element elementor-element-dfdfbbf elementor-section-boxed elementor-section-height-default elementor-section-height-default\" data-id=\"dfdfbbf\" data-element_type=\"section\" data-e-type=\"section\">\n\t\t\t\t\t\t<div class=\"elementor-container elementor-column-gap-default\">\n\t\t\t\t\t<div class=\"elementor-column elementor-col-100 elementor-top-column elementor-element elementor-element-37f3545\" data-id=\"37f3545\" data-element_type=\"column\" data-e-type=\"column\" data-settings=\"{&quot;background_background&quot;:&quot;classic&quot;}\">\n\t\t\t<div class=\"elementor-widget-wrap elementor-element-populated\">\n\t\t\t\t\t\t<div class=\"elementor-element elementor-element-b63532b elementor-widget elementor-widget-text-editor\" data-id=\"b63532b\" data-element_type=\"widget\" data-e-type=\"widget\" data-widget_type=\"text-editor.default\">\n\t\t\t\t<div class=\"elementor-widget-container\">\n\t\t\t\t\t\t\t\t\t<p>La\u00a0<em>komunila<\/em>\u00a0es el recinto oficial del mando tradicional, donde tienen lugar las reuniones dominicales presididas por el gobierno civil, la tropa militar, la religiosa y el pueblo. En ese lugar se llevan a cabo sesiones abiertas en donde todos, hombres y mujeres, deliberan para resolver los problemas que les afectan; una vez llegados los acuerdos, les corresponde a los gobernadores tradicionales servir como interlocutores con las altas autoridades estatales y federales<a href=\"https:\/\/redescubramossonora.mx\/museodelosyaquis\/gobierno-politico-religioso\/#gobierno-referencias\">[7]<\/a>.<\/p><p>El cambio de gobernadores se realiza el d\u00eda seis de enero en cada uno de los ocho pueblos. Para esta ceremonia, el llamado\u00a0<em>tampaleo<\/em>\u00a0se\u00f1ala el comienzo y la conclusi\u00f3n e invita con el sonido de su tambor a la comunidad para una reuni\u00f3n ordinaria. Es el cargo de mayor jerarqu\u00eda dentro de la autoridad militar, luego le sigue el de alpes, encargado de la bandera de color azul perteneciente a las autoridades durante la misa de los domingos y en las fiestas donde participen estas.<\/p><p>A mediados del siglo XX, espec\u00edficamente durante la administraci\u00f3n federal de L\u00e1zaro C\u00e1rdenas (1934-1940), se da el reconocimiento por parte de las autoridades del Estado mexicano al sistema de gobierno tradicional, no sin antes tratar de tener alguna injerencia en la toma de decisiones. Posterior al cardenismo, la tribu yaqui instaur\u00f3 la figura de\u00a0<em>ji\u00b4ojtereo<\/em>\u00a0o \u00absecretario\u00bb, mismo que ostenta el cargo de forma vitalicia y no de un a\u00f1o como todos los dem\u00e1s. \u00c9l se encarga de escribir los documentos oficiales del pueblo, servir de int\u00e9rprete en reuniones de gestor\u00eda o cuando se llevan a cabo los discursos oficiales, pero no tiene capacidad de decisi\u00f3n y su funci\u00f3n s\u00f3lo se ejerce en reuniones ante extra\u00f1os al grupo, mas no ante los yaquis.<\/p><p>Otra figura de gobierno que se intent\u00f3 instaurar por la Secretar\u00eda de la Reforma Agraria es el conocido como Comisariado de bienes comunales, pero fue rechazada y sus funciones se incorporaron al de las autoridades tradicionales<a href=\"https:\/\/redescubramossonora.mx\/museodelosyaquis\/gobierno-politico-religioso\/#gobierno-referencias\">[8]<\/a>.<\/p>\t\t\t\t\t\t\t\t<\/div>\n\t\t\t\t<\/div>\n\t\t\t\t\t<\/div>\n\t\t<\/div>\n\t\t\t\t\t<\/div>\n\t\t<\/section>\n\t\t\t\t<section class=\"elementor-section elementor-top-section elementor-element elementor-element-a7e7a04 elementor-section-boxed elementor-section-height-default elementor-section-height-default\" data-id=\"a7e7a04\" data-element_type=\"section\" data-e-type=\"section\">\n\t\t\t\t\t\t<div class=\"elementor-container elementor-column-gap-default\">\n\t\t\t\t\t<div class=\"elementor-column elementor-col-50 elementor-top-column elementor-element elementor-element-a6618d6\" data-id=\"a6618d6\" data-element_type=\"column\" data-e-type=\"column\">\n\t\t\t<div class=\"elementor-widget-wrap elementor-element-populated\">\n\t\t\t\t\t\t<div class=\"elementor-element elementor-element-0000c60 elementor-widget elementor-widget-image\" data-id=\"0000c60\" data-element_type=\"widget\" data-e-type=\"widget\" data-widget_type=\"image.default\">\n\t\t\t\t<div class=\"elementor-widget-container\">\n\t\t\t\t\t\t\t\t\t\t\t\t<figure class=\"wp-caption\">\n\t\t\t\t\t\t\t\t\t\t\t<a href=\"https:\/\/redescubramossonora.mx\/museodelosyaquis\/wp-content\/uploads\/2022\/07\/Ubicacion-del-pueblo-en-recintos-sagrados-1280x1000.jpg\" data-elementor-open-lightbox=\"yes\" data-elementor-lightbox-title=\"Ubicaci\u00f3n del pueblo en recintos sagrados\" data-e-action-hash=\"#elementor-action%3Aaction%3Dlightbox%26settings%3DeyJpZCI6Mjk1NSwidXJsIjoiaHR0cHM6XC9cL3JlZGVzY3VicmFtb3Nzb25vcmEubXhcL211c2VvZGVsb3N5YXF1aXNcL3dwLWNvbnRlbnRcL3VwbG9hZHNcLzIwMjJcLzA3XC9VYmljYWNpb24tZGVsLXB1ZWJsby1lbi1yZWNpbnRvcy1zYWdyYWRvcy0xMjgweDEwMDAuanBnIn0%3D\">\n\t\t\t\t\t\t\t<img loading=\"lazy\" decoding=\"async\" width=\"1024\" height=\"800\" src=\"https:\/\/redescubramossonora.mx\/museodelosyaquis\/wp-content\/uploads\/2022\/07\/Ubicacion-del-pueblo-en-recintos-sagrados-1024x800.jpg\" class=\"attachment-large size-large wp-image-2955\" alt=\"\" srcset=\"https:\/\/redescubramossonora.mx\/museodelosyaquis\/wp-content\/uploads\/2022\/07\/Ubicacion-del-pueblo-en-recintos-sagrados-1024x800.jpg 1024w, https:\/\/redescubramossonora.mx\/museodelosyaquis\/wp-content\/uploads\/2022\/07\/Ubicacion-del-pueblo-en-recintos-sagrados-300x234.jpg 300w, https:\/\/redescubramossonora.mx\/museodelosyaquis\/wp-content\/uploads\/2022\/07\/Ubicacion-del-pueblo-en-recintos-sagrados-768x600.jpg 768w, https:\/\/redescubramossonora.mx\/museodelosyaquis\/wp-content\/uploads\/2022\/07\/Ubicacion-del-pueblo-en-recintos-sagrados-205x160.jpg 205w, https:\/\/redescubramossonora.mx\/museodelosyaquis\/wp-content\/uploads\/2022\/07\/Ubicacion-del-pueblo-en-recintos-sagrados-1280x1000.jpg 1280w\" sizes=\"(max-width: 1024px) 100vw, 1024px\" \/>\t\t\t\t\t\t\t\t<\/a>\n\t\t\t\t\t\t\t\t\t\t\t<figcaption class=\"widget-image-caption wp-caption-text\">Ubicaci\u00f3n de autoridades en la komunila. Fuente: Museo \u00c9tnico de los Yaquis<\/figcaption>\n\t\t\t\t\t\t\t\t\t\t<\/figure>\n\t\t\t\t\t\t\t\t\t<\/div>\n\t\t\t\t<\/div>\n\t\t\t\t\t<\/div>\n\t\t<\/div>\n\t\t\t\t<div class=\"elementor-column elementor-col-50 elementor-top-column elementor-element elementor-element-9dd63f3\" data-id=\"9dd63f3\" data-element_type=\"column\" data-e-type=\"column\">\n\t\t\t<div class=\"elementor-widget-wrap elementor-element-populated\">\n\t\t\t\t\t\t<div class=\"elementor-element elementor-element-5847511 elementor-widget elementor-widget-image\" data-id=\"5847511\" data-element_type=\"widget\" data-e-type=\"widget\" data-widget_type=\"image.default\">\n\t\t\t\t<div class=\"elementor-widget-container\">\n\t\t\t\t\t\t\t\t\t\t\t\t<figure class=\"wp-caption\">\n\t\t\t\t\t\t\t\t\t\t<img loading=\"lazy\" decoding=\"async\" width=\"822\" height=\"566\" src=\"https:\/\/redescubramossonora.mx\/museodelosyaquis\/wp-content\/uploads\/2022\/07\/Lazaro-822x566.jpg\" class=\"attachment-large size-large wp-image-2956\" alt=\"\" srcset=\"https:\/\/redescubramossonora.mx\/museodelosyaquis\/wp-content\/uploads\/2022\/07\/Lazaro-822x566.jpg 822w, https:\/\/redescubramossonora.mx\/museodelosyaquis\/wp-content\/uploads\/2022\/07\/Lazaro-300x207.jpg 300w, https:\/\/redescubramossonora.mx\/museodelosyaquis\/wp-content\/uploads\/2022\/07\/Lazaro-768x529.jpg 768w, https:\/\/redescubramossonora.mx\/museodelosyaquis\/wp-content\/uploads\/2022\/07\/Lazaro-205x141.jpg 205w\" sizes=\"(max-width: 822px) 100vw, 822px\" \/>\t\t\t\t\t\t\t\t\t\t\t<figcaption class=\"widget-image-caption wp-caption-text\">L\u00edderes yaquis con L\u00e1zaro C\u00e1rdenas. Fuente: Archivo General del Estado de Sonora<\/figcaption>\n\t\t\t\t\t\t\t\t\t\t<\/figure>\n\t\t\t\t\t\t\t\t\t<\/div>\n\t\t\t\t<\/div>\n\t\t\t\t\t<\/div>\n\t\t<\/div>\n\t\t\t\t\t<\/div>\n\t\t<\/section>\n\t\t\t\t<section class=\"elementor-section elementor-top-section elementor-element elementor-element-81f7ce2 elementor-section-boxed elementor-section-height-default elementor-section-height-default\" data-id=\"81f7ce2\" data-element_type=\"section\" data-e-type=\"section\">\n\t\t\t\t\t\t<div class=\"elementor-container elementor-column-gap-default\">\n\t\t\t\t\t<div class=\"elementor-column elementor-col-100 elementor-top-column elementor-element elementor-element-cf30dfc\" data-id=\"cf30dfc\" data-element_type=\"column\" data-e-type=\"column\">\n\t\t\t<div class=\"elementor-widget-wrap elementor-element-populated\">\n\t\t\t\t\t\t<section class=\"elementor-section elementor-inner-section elementor-element elementor-element-5535e95 elementor-section-boxed elementor-section-height-default elementor-section-height-default\" data-id=\"5535e95\" data-element_type=\"section\" data-e-type=\"section\">\n\t\t\t\t\t\t<div class=\"elementor-container elementor-column-gap-default\">\n\t\t\t\t\t<div class=\"elementor-column elementor-col-50 elementor-inner-column elementor-element elementor-element-b3e9470\" data-id=\"b3e9470\" data-element_type=\"column\" data-e-type=\"column\" data-settings=\"{&quot;background_background&quot;:&quot;classic&quot;}\">\n\t\t\t<div class=\"elementor-widget-wrap elementor-element-populated\">\n\t\t\t\t\t\t<div class=\"elementor-element elementor-element-5e512e5 elementor-widget elementor-widget-image\" data-id=\"5e512e5\" data-element_type=\"widget\" data-e-type=\"widget\" data-widget_type=\"image.default\">\n\t\t\t\t<div class=\"elementor-widget-container\">\n\t\t\t\t\t\t\t\t\t\t\t\t<figure class=\"wp-caption\">\n\t\t\t\t\t\t\t\t\t\t\t<a href=\"https:\/\/redescubramossonora.mx\/museodelosyaquis\/coleccion\/estandarte-militar\/?perpage=24&#038;order=ASC&#038;orderby=date&#038;search=militar&#038;pos=25&#038;source_list=collection&#038;ref=%2Fmuseodelosyaquis%2Fcoleccion%2F\" target=\"_blank\">\n\t\t\t\t\t\t\t<img loading=\"lazy\" decoding=\"async\" width=\"398\" height=\"1000\" src=\"https:\/\/redescubramossonora.mx\/museodelosyaquis\/wp-content\/uploads\/tainacan-items\/821\/900\/Estandarte-militar-398x1000.jpg\" class=\"attachment-large size-large wp-image-1735\" alt=\"\" srcset=\"https:\/\/redescubramossonora.mx\/museodelosyaquis\/wp-content\/uploads\/tainacan-items\/821\/900\/Estandarte-militar-398x1000.jpg 398w, https:\/\/redescubramossonora.mx\/museodelosyaquis\/wp-content\/uploads\/tainacan-items\/821\/900\/Estandarte-militar-119x300.jpg 119w, https:\/\/redescubramossonora.mx\/museodelosyaquis\/wp-content\/uploads\/tainacan-items\/821\/900\/Estandarte-militar-205x515.jpg 205w\" sizes=\"(max-width: 398px) 100vw, 398px\" \/>\t\t\t\t\t\t\t\t<\/a>\n\t\t\t\t\t\t\t\t\t\t\t<figcaption class=\"widget-image-caption wp-caption-text\">Estandarte militar. Museo \u00c9tnico de los Yaquis. Sala de organizaci\u00f3n pol\u00edtica y religiosa. Fot\u00f3grafo: Juan Casanova<\/figcaption>\n\t\t\t\t\t\t\t\t\t\t<\/figure>\n\t\t\t\t\t\t\t\t\t<\/div>\n\t\t\t\t<\/div>\n\t\t\t\t<div class=\"elementor-element elementor-element-f5cc0b9 elementor-align-center elementor-widget elementor-widget-button\" data-id=\"f5cc0b9\" data-element_type=\"widget\" data-e-type=\"widget\" data-widget_type=\"button.default\">\n\t\t\t\t<div class=\"elementor-widget-container\">\n\t\t\t\t\t\t\t\t\t<div class=\"elementor-button-wrapper\">\n\t\t\t\t\t<a class=\"elementor-button elementor-button-link elementor-size-sm\" href=\"https:\/\/redescubramossonora.mx\/museodelosyaquis\/coleccion\/estandarte-militar\/?perpage=24&#038;order=ASC&#038;orderby=date&#038;search=militar&#038;pos=25&#038;source_list=collection&#038;ref=%2Fmuseodelosyaquis%2Fcoleccion%2F\" target=\"_blank\">\n\t\t\t\t\t\t<span class=\"elementor-button-content-wrapper\">\n\t\t\t\t\t\t\t\t\t<span class=\"elementor-button-text\">Ver elemento<\/span>\n\t\t\t\t\t<\/span>\n\t\t\t\t\t<\/a>\n\t\t\t\t<\/div>\n\t\t\t\t\t\t\t\t<\/div>\n\t\t\t\t<\/div>\n\t\t\t\t\t<\/div>\n\t\t<\/div>\n\t\t\t\t<div class=\"elementor-column elementor-col-50 elementor-inner-column elementor-element elementor-element-9bbebcf\" data-id=\"9bbebcf\" data-element_type=\"column\" data-e-type=\"column\" data-settings=\"{&quot;background_background&quot;:&quot;classic&quot;}\">\n\t\t\t<div class=\"elementor-widget-wrap elementor-element-populated\">\n\t\t\t\t\t\t<div class=\"elementor-element elementor-element-13031d4 elementor-widget elementor-widget-text-editor\" data-id=\"13031d4\" data-element_type=\"widget\" data-e-type=\"widget\" data-widget_type=\"text-editor.default\">\n\t\t\t\t<div class=\"elementor-widget-container\">\n\t\t\t\t\t\t\t\t\t<h4 class=\"elementor-heading-title elementor-size-default elementor-inline-editing pen\" style=\"text-align: center;\" contenteditable=\"true\" data-elementor-setting-key=\"title\" data-pen-placeholder=\"Teclea aqu\u00ed...\">La kojtumbre ya\u00b4ura\u200b<\/h4><p>Esta autoridad ritual proviene desde la \u00e9poca prehisp\u00e1nica, y se desarroll\u00f3 durante la Colonia, as\u00ed como en el M\u00e9xico independiente. Su estructura es semejante a la militar, por lo cual algunos grados de mando tienen nombre castrense indicando su jerarqu\u00eda dentro del grupo; est\u00e1 compuesta por: pilatos, capitanes, tenientes, sargentos, cabos,\u00a0<em>tambuleros<\/em>, \ufb02auteros y soldados.<\/p><p>La\u00a0<em>kojtumbre ya\u00b4ura<\/em>\u00a0funciona exclusivamente durante las festividades de Cuaresma; en ella asume la totalidad del poder y responsabilidad del gobierno tradicional. Entre sus funciones est\u00e1 mantener el orden dentro del pueblo y vigilar que las ceremonias civiles, pol\u00edticas o religiosas se lleven a cabo con estricto apego a las costumbres de la comunidad.<\/p>\t\t\t\t\t\t\t\t<\/div>\n\t\t\t\t<\/div>\n\t\t\t\t\t<\/div>\n\t\t<\/div>\n\t\t\t\t\t<\/div>\n\t\t<\/section>\n\t\t\t\t\t<\/div>\n\t\t<\/div>\n\t\t\t\t\t<\/div>\n\t\t<\/section>\n\t\t\t\t<section class=\"elementor-section elementor-top-section elementor-element elementor-element-ad88872 elementor-section-boxed elementor-section-height-default elementor-section-height-default\" data-id=\"ad88872\" data-element_type=\"section\" data-e-type=\"section\">\n\t\t\t\t\t\t<div class=\"elementor-container elementor-column-gap-default\">\n\t\t\t\t\t<div class=\"elementor-column elementor-col-100 elementor-top-column elementor-element elementor-element-1b331d0\" data-id=\"1b331d0\" data-element_type=\"column\" data-e-type=\"column\">\n\t\t\t<div class=\"elementor-widget-wrap elementor-element-populated\">\n\t\t\t\t\t\t<div class=\"elementor-element elementor-element-fd654f1 elementor-widget elementor-widget-heading\" data-id=\"fd654f1\" data-element_type=\"widget\" data-e-type=\"widget\" data-widget_type=\"heading.default\">\n\t\t\t\t<div class=\"elementor-widget-container\">\n\t\t\t\t\t<h4 class=\"elementor-heading-title elementor-size-default\">Jiak Bantea \/ Bandera Yaqui<\/h4>\t\t\t\t<\/div>\n\t\t\t\t<\/div>\n\t\t\t\t\t<\/div>\n\t\t<\/div>\n\t\t\t\t\t<\/div>\n\t\t<\/section>\n\t\t\t\t<section class=\"elementor-section elementor-top-section elementor-element elementor-element-ff3408d elementor-section-boxed elementor-section-height-default elementor-section-height-default\" data-id=\"ff3408d\" data-element_type=\"section\" data-e-type=\"section\">\n\t\t\t\t\t\t<div class=\"elementor-container elementor-column-gap-default\">\n\t\t\t\t\t<div class=\"elementor-column elementor-col-50 elementor-top-column elementor-element elementor-element-67c6d6c\" data-id=\"67c6d6c\" data-element_type=\"column\" data-e-type=\"column\">\n\t\t\t<div class=\"elementor-widget-wrap elementor-element-populated\">\n\t\t\t\t\t\t<div class=\"elementor-element elementor-element-85800d1 elementor-widget elementor-widget-image\" data-id=\"85800d1\" data-element_type=\"widget\" data-e-type=\"widget\" data-widget_type=\"image.default\">\n\t\t\t\t<div class=\"elementor-widget-container\">\n\t\t\t\t\t\t\t\t\t\t\t\t<figure class=\"wp-caption\">\n\t\t\t\t\t\t\t\t\t\t\t<a href=\"https:\/\/redescubramossonora.mx\/museodelosyaquis\/coleccion\/bandera-yaqui\/?perpage=24&#038;order=ASC&#038;orderby=date&#038;search=militar&#038;pos=26&#038;source_list=collection&#038;ref=%2Fmuseodelosyaquis%2Fcoleccion%2F\" target=\"_blank\">\n\t\t\t\t\t\t\t<img loading=\"lazy\" decoding=\"async\" width=\"1024\" height=\"682\" src=\"https:\/\/redescubramossonora.mx\/museodelosyaquis\/wp-content\/uploads\/tainacan-items\/821\/897\/Bandera-Yaqui-1024x682.jpg\" class=\"attachment-large size-large wp-image-1760\" alt=\"\" srcset=\"https:\/\/redescubramossonora.mx\/museodelosyaquis\/wp-content\/uploads\/tainacan-items\/821\/897\/Bandera-Yaqui-1024x682.jpg 1024w, https:\/\/redescubramossonora.mx\/museodelosyaquis\/wp-content\/uploads\/tainacan-items\/821\/897\/Bandera-Yaqui-300x200.jpg 300w, https:\/\/redescubramossonora.mx\/museodelosyaquis\/wp-content\/uploads\/tainacan-items\/821\/897\/Bandera-Yaqui-768x512.jpg 768w, https:\/\/redescubramossonora.mx\/museodelosyaquis\/wp-content\/uploads\/tainacan-items\/821\/897\/Bandera-Yaqui-205x137.jpg 205w, https:\/\/redescubramossonora.mx\/museodelosyaquis\/wp-content\/uploads\/tainacan-items\/821\/897\/Bandera-Yaqui-1400x933.jpg 1400w\" sizes=\"(max-width: 1024px) 100vw, 1024px\" \/>\t\t\t\t\t\t\t\t<\/a>\n\t\t\t\t\t\t\t\t\t\t\t<figcaption class=\"widget-image-caption wp-caption-text\">Bandera Yaqui. Museo \u00c9tnico de los Yaquis. Sala Territorio. Fot\u00f3grafo: Juan Casanova.<\/figcaption>\n\t\t\t\t\t\t\t\t\t\t<\/figure>\n\t\t\t\t\t\t\t\t\t<\/div>\n\t\t\t\t<\/div>\n\t\t\t\t<div class=\"elementor-element elementor-element-fd0114f elementor-align-center elementor-widget elementor-widget-button\" data-id=\"fd0114f\" data-element_type=\"widget\" data-e-type=\"widget\" data-widget_type=\"button.default\">\n\t\t\t\t<div class=\"elementor-widget-container\">\n\t\t\t\t\t\t\t\t\t<div class=\"elementor-button-wrapper\">\n\t\t\t\t\t<a class=\"elementor-button elementor-button-link elementor-size-sm\" href=\"https:\/\/redescubramossonora.mx\/museodelosyaquis\/coleccion\/bandera-yaqui\/?perpage=24&#038;order=ASC&#038;orderby=date&#038;search=militar&#038;pos=26&#038;source_list=collection&#038;ref=%2Fmuseodelosyaquis%2Fcoleccion%2F\" target=\"_blank\">\n\t\t\t\t\t\t<span class=\"elementor-button-content-wrapper\">\n\t\t\t\t\t\t\t\t\t<span class=\"elementor-button-text\">Ver elemento<\/span>\n\t\t\t\t\t<\/span>\n\t\t\t\t\t<\/a>\n\t\t\t\t<\/div>\n\t\t\t\t\t\t\t\t<\/div>\n\t\t\t\t<\/div>\n\t\t\t\t\t<\/div>\n\t\t<\/div>\n\t\t\t\t<div class=\"elementor-column elementor-col-50 elementor-top-column elementor-element elementor-element-5b1a978\" data-id=\"5b1a978\" data-element_type=\"column\" data-e-type=\"column\">\n\t\t\t<div class=\"elementor-widget-wrap elementor-element-populated\">\n\t\t\t\t\t\t<div class=\"elementor-element elementor-element-32a3ebe elementor-widget elementor-widget-text-editor\" data-id=\"32a3ebe\" data-element_type=\"widget\" data-e-type=\"widget\" data-widget_type=\"text-editor.default\">\n\t\t\t\t<div class=\"elementor-widget-container\">\n\t\t\t\t\t\t\t\t\t<p>Simbolismo de colores e \u00edconos:<\/p><p>Azul: orgullo, vigor y valent\u00eda de la raza.<\/p><p><em>Teweli: wa jiak emo ouliwame.<\/em><\/p><p>Blanco: la pureza y nobleza de la raza.<\/p><p><em>Tosali: wa tu\u00b4u jiapsiwame into emo yo\u00b4oriwame.\u00a0<\/em><\/p><p>Rojo: es la sangre derramada por los padres y abuelos en defensa de la soberan\u00eda.<\/p><p><em>Sikili: wa itom yoyowa ojbo wo \u00f3ti. Itom bwia jin\u00b4neu betchi\u00b4ibo.\u00a0<\/em><\/p><p>Sol: padre Dios, creador del mundo y de todas las cosas.<\/p><p><em>Ta\u00b4a: itom acha\u00ed. Waka itom aniapo si\u00b4imeta ya\u00b4alame.<\/em><\/p><p>Luna: Diosa madre que ilumina el camino en el universo.<\/p><p><em>Me\u00b4echa: itom a\u00b4e waka itom bo\u00b4o tachiriame.<\/em><\/p><p>Cruz: la nueva religi\u00f3n espiritual.<\/p><p><em>Kus: itom bemelas\u00ed suale\u00b4u.<\/em><\/p><p>Estrellas: son los esp\u00edritus de los ancestros que vigilan nuestro territorio.<\/p><p><em>Chokim: itom yoyo\u00b4owam koko subin sukaum itom bwia sua.<\/em><\/p>\t\t\t\t\t\t\t\t<\/div>\n\t\t\t\t<\/div>\n\t\t\t\t\t<\/div>\n\t\t<\/div>\n\t\t\t\t\t<\/div>\n\t\t<\/section>\n\t\t\t\t<section class=\"elementor-section elementor-top-section elementor-element elementor-element-cf0faa3 elementor-section-boxed elementor-section-height-default elementor-section-height-default\" data-id=\"cf0faa3\" data-element_type=\"section\" data-e-type=\"section\">\n\t\t\t\t\t\t<div class=\"elementor-container elementor-column-gap-default\">\n\t\t\t\t\t<div class=\"elementor-column elementor-col-100 elementor-top-column elementor-element elementor-element-d0ebcd8\" data-id=\"d0ebcd8\" data-element_type=\"column\" data-e-type=\"column\">\n\t\t\t<div class=\"elementor-widget-wrap elementor-element-populated\">\n\t\t\t\t\t\t<div class=\"elementor-element elementor-element-cdcfc9f elementor-widget elementor-widget-heading\" data-id=\"cdcfc9f\" data-element_type=\"widget\" data-e-type=\"widget\" data-widget_type=\"heading.default\">\n\t\t\t\t<div class=\"elementor-widget-container\">\n\t\t\t\t\t<h4 class=\"elementor-heading-title elementor-size-default\">Referencias<\/h4>\t\t\t\t<\/div>\n\t\t\t\t<\/div>\n\t\t\t\t<div class=\"elementor-element elementor-element-fb51ada elementor-widget elementor-widget-text-editor\" data-id=\"fb51ada\" data-element_type=\"widget\" data-e-type=\"widget\" id=\"gobierno-referencias\" data-widget_type=\"text-editor.default\">\n\t\t\t\t<div class=\"elementor-widget-container\">\n\t\t\t\t\t\t\t\t\t<p>1 Comisi\u00f3n Presidencial de Justicia para el Pueblo Yaqui. (2020).\u00a0<em>Plan de Justicia para el Pueblo Yaqui<\/em>. Ciudad de M\u00e9xico: Secretar\u00eda de Gobernaci\u00f3n. p. 20. Recuperado de\u00a0<a href=\"https:\/\/www.inpi.gob.mx\/gobmx-2021\/Plan-de-Justicia-del-Pueblo-Yaqui.pdf\" target=\"_blank\" rel=\"noopener\">https:\/\/www.inpi.gob.mx\/gobmx-2021\/Plan-de-Justicia-del-Pueblo-Yaqui.pdf<\/a><\/p><p>2 Restor Rodr\u00edguez, Mar\u00eda M. (2017). La identidad yaqui y el agua En\u00a0<em>Conflictos por el agua y alternativas en los territorios ind\u00edgenas de M\u00e9xico<\/em>. Jiutepec, Morelos: Instituto Mexicano de Tecnolog\u00eda del Agua. p. 88. Recuperado de\u00a0<a href=\"http:\/\/repositorio.imta.mx\/handle\/20.500.12013\/1839\" target=\"_blank\" rel=\"noopener\">http:\/\/repositorio.imta.mx\/handle\/20.500.12013\/1839<\/a><\/p><p>3 Ibid., p. 136<\/p><p>4 Padilla Ramos, Raquel. (2020). La gran fe de las \u201cmil pr\u00e1cticas grotescas\u201d: una mirada general a la organizaci\u00f3n religiosa y pol\u00edtica de los yaquis En\u00a0<em>Noroeste de M\u00e9xico<\/em>, (2). p. 118. Recuperado de\u00a0<a href=\"http:\/\/mediateca.inah.gob.mx\/repositorio\/islandora\/object\/issue:3036\" target=\"_blank\" rel=\"noopener\">http:\/\/mediateca.inah.gob.mx\/repositorio\/islandora\/object\/issue:3036<\/a><\/p><p>5 Olavarr\u00eda, Mar\u00eda Eugenia. (1995). Creatividad y sincretismo en un ritual yaqui En\u00a0<em>Alteridades<\/em>, Vol. 5 (9). p. 72. Recuperado de\u00a0<a href=\"https:\/\/www.redalyc.org\/articulo.oa?Id=74711352007\" target=\"_blank\" rel=\"noopener\">https:\/\/www.redalyc.org\/articulo.oa?Id=74711352007<\/a><\/p><p>6 Padilla Ramos, Raquel. op. cit., p. 120<\/p><p>7 Restor Rodr\u00edguez, Mar\u00eda M. op. cit., p. 137<\/p><p>8 Ibid., p. 138<\/p>\t\t\t\t\t\t\t\t<\/div>\n\t\t\t\t<\/div>\n\t\t\t\t\t<\/div>\n\t\t<\/div>\n\t\t\t\t\t<\/div>\n\t\t<\/section>\n\t\t\t\t<section class=\"elementor-section elementor-top-section elementor-element elementor-element-357b455 elementor-section-boxed elementor-section-height-default elementor-section-height-default\" data-id=\"357b455\" data-element_type=\"section\" data-e-type=\"section\">\n\t\t\t\t\t\t<div class=\"elementor-container elementor-column-gap-default\">\n\t\t\t\t\t<div class=\"elementor-column elementor-col-100 elementor-top-column elementor-element elementor-element-f212455\" data-id=\"f212455\" data-element_type=\"column\" data-e-type=\"column\">\n\t\t\t<div class=\"elementor-widget-wrap elementor-element-populated\">\n\t\t\t\t\t\t<div class=\"elementor-element elementor-element-a3dceb1 elementor-widget-divider--view-line elementor-widget elementor-widget-divider\" data-id=\"a3dceb1\" data-element_type=\"widget\" data-e-type=\"widget\" data-widget_type=\"divider.default\">\n\t\t\t\t<div class=\"elementor-widget-container\">\n\t\t\t\t\t\t\t<div class=\"elementor-divider\">\n\t\t\t<span class=\"elementor-divider-separator\">\n\t\t\t\t\t\t<\/span>\n\t\t<\/div>\n\t\t\t\t\t\t<\/div>\n\t\t\t\t<\/div>\n\t\t\t\t\t<\/div>\n\t\t<\/div>\n\t\t\t\t\t<\/div>\n\t\t<\/section>\n\t\t\t\t<section class=\"elementor-section elementor-top-section elementor-element elementor-element-45ca88f elementor-section-boxed elementor-section-height-default elementor-section-height-default\" data-id=\"45ca88f\" data-element_type=\"section\" data-e-type=\"section\">\n\t\t\t\t\t\t<div class=\"elementor-container elementor-column-gap-default\">\n\t\t\t\t\t<div class=\"elementor-column elementor-col-100 elementor-top-column elementor-element elementor-element-6188318\" data-id=\"6188318\" data-element_type=\"column\" data-e-type=\"column\">\n\t\t\t<div class=\"elementor-widget-wrap elementor-element-populated\">\n\t\t\t\t\t\t<div class=\"elementor-element elementor-element-aae3311 elementor-widget elementor-widget-html\" data-id=\"aae3311\" data-element_type=\"widget\" data-e-type=\"widget\" data-widget_type=\"html.default\">\n\t\t\t\t<div class=\"elementor-widget-container\">\n\t\t\t\t\t<script>\r\njQuery(document).ready(function($) {\r\nvar delay = 100; setTimeout(function() {\r\n$('.elementor-tab-title').removeClass('elementor-active');\r\n $('.elementor-tab-content').css('display', 'none'); }, delay);\r\n});\r\n<\/script>\t\t\t\t<\/div>\n\t\t\t\t<\/div>\n\t\t\t\t\t<\/div>\n\t\t<\/div>\n\t\t\t\t\t<\/div>\n\t\t<\/section>\n\t\t\t\t<section class=\"elementor-section elementor-top-section elementor-element elementor-element-0ab5a67 elementor-section-boxed elementor-section-height-default elementor-section-height-default\" data-id=\"0ab5a67\" data-element_type=\"section\" data-e-type=\"section\">\n\t\t\t\t\t\t<div class=\"elementor-container elementor-column-gap-default\">\n\t\t\t\t\t<div class=\"elementor-column elementor-col-100 elementor-top-column elementor-element elementor-element-511a324\" data-id=\"511a324\" data-element_type=\"column\" data-e-type=\"column\">\n\t\t\t<div class=\"elementor-widget-wrap elementor-element-populated\">\n\t\t\t\t\t\t<div class=\"elementor-element elementor-element-942355b elementor-widget elementor-widget-accordion\" data-id=\"942355b\" data-element_type=\"widget\" data-e-type=\"widget\" data-widget_type=\"accordion.default\">\n\t\t\t\t<div class=\"elementor-widget-container\">\n\t\t\t\t\t\t\t<div class=\"elementor-accordion\">\n\t\t\t\t\t\t\t<div class=\"elementor-accordion-item\">\n\t\t\t\t\t<div id=\"elementor-tab-title-1551\" class=\"elementor-tab-title\" data-tab=\"1\" role=\"button\" aria-controls=\"elementor-tab-content-1551\" aria-expanded=\"false\">\n\t\t\t\t\t\t\t\t\t\t\t\t\t<span class=\"elementor-accordion-icon elementor-accordion-icon-left\" aria-hidden=\"true\">\n\t\t\t\t\t\t\t\t\t\t\t\t\t\t\t<span class=\"elementor-accordion-icon-closed\"><i class=\"fas fa-pen-alt\"><\/i><\/span>\n\t\t\t\t\t\t\t\t<span class=\"elementor-accordion-icon-opened\"><i class=\"fas fa-pen-alt\"><\/i><\/span>\n\t\t\t\t\t\t\t\t\t\t\t\t\t\t<\/span>\n\t\t\t\t\t\t\t\t\t\t\t\t<a class=\"elementor-accordion-title\" tabindex=\"0\">Cr\u00e9ditos<\/a>\n\t\t\t\t\t<\/div>\n\t\t\t\t\t<div id=\"elementor-tab-content-1551\" class=\"elementor-tab-content elementor-clearfix\" data-tab=\"1\" role=\"region\" aria-labelledby=\"elementor-tab-title-1551\"><p>Dise\u00f1o y direcci\u00f3n general del proyecto.\u00a0Mirko Marzadro (ITESCA)<\/p><p>Direcci\u00f3n ejecutiva del proyecto, dise\u00f1o y desarrollo de software. Olavo Rojas Vega (Redescubramos Sonora A.C.)<\/p><p>Catalogaci\u00f3n. Felipe L\u00f3pez Valent\u00edn (Redescubramos Sonora A.C.)<\/p><p><strong>Investigaci\u00f3n, curadur\u00eda y redacci\u00f3n<\/strong><\/p><p>Teodoro Buitimea Flores<\/p><p>Jos\u00e9 Mar\u00eda Ruiz F\u00e9lix<\/p><p>Mirko Marzadro<\/p><p>Felipe L\u00f3pez Valent\u00edn\u00a0<\/p><p><strong>Im\u00e1genes<\/strong><\/p><p>Museo \u00c9tnico de los Yaquis<\/p><p>Archivo General del Estado de Sonora<\/p><p>Mapoteca Manuel Orozco y Berra<\/p><p><strong>Fotograf\u00eda<\/strong><\/p><p>Juan Casanova<\/p><p>Olavo Rojas Vega<\/p><p><strong>Dise\u00f1o web<\/strong><\/p><p>Olavo Rojas Vega<\/p><\/div>\n\t\t\t\t<\/div>\n\t\t\t\t\t\t\t\t<\/div>\n\t\t\t\t\t\t<\/div>\n\t\t\t\t<\/div>\n\t\t\t\t\t<\/div>\n\t\t<\/div>\n\t\t\t\t\t<\/div>\n\t\t<\/section>\n\t\t\t\t<section class=\"elementor-section elementor-top-section elementor-element elementor-element-575d53f elementor-section-boxed elementor-section-height-default elementor-section-height-default\" data-id=\"575d53f\" data-element_type=\"section\" data-e-type=\"section\">\n\t\t\t\t\t\t<div class=\"elementor-container elementor-column-gap-default\">\n\t\t\t\t\t<div class=\"elementor-column elementor-col-100 elementor-top-column elementor-element elementor-element-d354dc2\" data-id=\"d354dc2\" data-element_type=\"column\" data-e-type=\"column\">\n\t\t\t<div class=\"elementor-widget-wrap elementor-element-populated\">\n\t\t\t\t\t\t<div class=\"elementor-element elementor-element-8ab39ca elementor-widget elementor-widget-accordion\" data-id=\"8ab39ca\" data-element_type=\"widget\" data-e-type=\"widget\" data-widget_type=\"accordion.default\">\n\t\t\t\t<div class=\"elementor-widget-container\">\n\t\t\t\t\t\t\t<div class=\"elementor-accordion\">\n\t\t\t\t\t\t\t<div class=\"elementor-accordion-item\">\n\t\t\t\t\t<div id=\"elementor-tab-title-1451\" class=\"elementor-tab-title\" data-tab=\"1\" role=\"button\" aria-controls=\"elementor-tab-content-1451\" aria-expanded=\"false\">\n\t\t\t\t\t\t\t\t\t\t\t\t\t<span class=\"elementor-accordion-icon elementor-accordion-icon-left\" aria-hidden=\"true\">\n\t\t\t\t\t\t\t\t\t\t\t\t\t\t\t<span class=\"elementor-accordion-icon-closed\"><i class=\"fas fa-handshake\"><\/i><\/span>\n\t\t\t\t\t\t\t\t<span class=\"elementor-accordion-icon-opened\"><i class=\"fas fa-handshake\"><\/i><\/span>\n\t\t\t\t\t\t\t\t\t\t\t\t\t\t<\/span>\n\t\t\t\t\t\t\t\t\t\t\t\t<a class=\"elementor-accordion-title\" tabindex=\"0\">Agradecimientos<\/a>\n\t\t\t\t\t<\/div>\n\t\t\t\t\t<div id=\"elementor-tab-content-1451\" class=\"elementor-tab-content elementor-clearfix\" data-tab=\"1\" role=\"region\" aria-labelledby=\"elementor-tab-title-1451\"><p>Directora General del Instituto Sonorense de Cultura.\u00a0 Guadalupe Beatriz Aldaco Encinas<\/p><p>Coordinador de Patrimonio Cultural del Estado de Sonora.\u00a0Francisco Ram\u00edrez Arroyo<\/p><p>Responsable del Museo \u00c9tnico de los Yaquis.\u00a0Reyna Lourdes Anguamea Buitimea<\/p><p>Directora General del Instituto Tecnol\u00f3gico\u00a0Superior de Cajeme. Martha Patricia Pati\u00f1o Fierro<\/p><\/div>\n\t\t\t\t<\/div>\n\t\t\t\t\t\t\t\t<\/div>\n\t\t\t\t\t\t<\/div>\n\t\t\t\t<\/div>\n\t\t\t\t\t<\/div>\n\t\t<\/div>\n\t\t\t\t\t<\/div>\n\t\t<\/section>\n\t\t\t\t<\/div>\n\t\t","protected":false},"excerpt":{"rendered":"<p>Al yaqui se le educa para servir al pueblo y, en caso de obtener alg\u00fan cargo de autoridad, debe \u00abmandar obedeciendo los preceptos del pueblo\u00bb. Este legado ancestral, forma parte de los conocimientos milenarios, adquiridos y transmitidos v\u00eda oral, preserv\u00e1ndose en la memoria colectiva. Por eso, en todas las comunidades yaquis se reconoce a los [&hellip;]<\/p>\n","protected":false},"author":3,"featured_media":0,"parent":0,"menu_order":0,"comment_status":"closed","ping_status":"closed","template":"","meta":{"footnotes":""},"class_list":["post-2915","page","type-page","status-publish","hentry"],"blocksy_meta":{"styles_descriptor":{"styles":{"desktop":"","tablet":"","mobile":""},"google_fonts":[],"version":6}},"_links":{"self":[{"href":"https:\/\/redescubramossonora.mx\/museodelosyaquis\/wp-json\/wp\/v2\/pages\/2915","targetHints":{"allow":["GET"]}}],"collection":[{"href":"https:\/\/redescubramossonora.mx\/museodelosyaquis\/wp-json\/wp\/v2\/pages"}],"about":[{"href":"https:\/\/redescubramossonora.mx\/museodelosyaquis\/wp-json\/wp\/v2\/types\/page"}],"author":[{"embeddable":true,"href":"https:\/\/redescubramossonora.mx\/museodelosyaquis\/wp-json\/wp\/v2\/users\/3"}],"replies":[{"embeddable":true,"href":"https:\/\/redescubramossonora.mx\/museodelosyaquis\/wp-json\/wp\/v2\/comments?post=2915"}],"version-history":[{"count":0,"href":"https:\/\/redescubramossonora.mx\/museodelosyaquis\/wp-json\/wp\/v2\/pages\/2915\/revisions"}],"wp:attachment":[{"href":"https:\/\/redescubramossonora.mx\/museodelosyaquis\/wp-json\/wp\/v2\/media?parent=2915"}],"curies":[{"name":"wp","href":"https:\/\/api.w.org\/{rel}","templated":true}]}}