{"id":1911,"date":"2022-07-15T18:26:01","date_gmt":"2022-07-15T18:26:01","guid":{"rendered":"https:\/\/redescubramossonora.mx\/museodelosyaquis\/?page_id=1911"},"modified":"2026-03-17T10:46:07","modified_gmt":"2026-03-17T17:46:07","slug":"historia","status":"publish","type":"page","link":"https:\/\/redescubramossonora.mx\/museodelosyaquis\/historia\/","title":{"rendered":"Historia"},"content":{"rendered":"\t\t<div data-elementor-type=\"wp-page\" data-elementor-id=\"1911\" class=\"elementor elementor-1911\" data-elementor-post-type=\"page\">\n\t\t\t\t\t\t<section class=\"elementor-section elementor-top-section elementor-element elementor-element-7470c4b elementor-section-boxed elementor-section-height-default elementor-section-height-default\" data-id=\"7470c4b\" data-element_type=\"section\" data-e-type=\"section\">\n\t\t\t\t\t\t<div class=\"elementor-container elementor-column-gap-default\">\n\t\t\t\t\t<div class=\"elementor-column elementor-col-50 elementor-top-column elementor-element elementor-element-75a6545\" data-id=\"75a6545\" data-element_type=\"column\" data-e-type=\"column\">\n\t\t\t<div class=\"elementor-widget-wrap elementor-element-populated\">\n\t\t\t\t\t\t<div class=\"elementor-element elementor-element-4ecbfb6 elementor-widget elementor-widget-text-editor\" data-id=\"4ecbfb6\" data-element_type=\"widget\" data-e-type=\"widget\" data-widget_type=\"text-editor.default\">\n\t\t\t\t<div class=\"elementor-widget-container\">\n\t\t\t\t\t\t\t\t\t<p>Buscando dejar atr\u00e1s\u00a0 la imagen impuesta por el primer Secretario de Educaci\u00f3n en el pa\u00eds, el propio maestro de Am\u00e9rica, Jos\u00e9 Vasconcelos, quien hab\u00eda una vez expresado: \u201cSonora es el lugar donde termina la cultura y empieza la carne asada\u201d, el plan de sexenio del\u00a0 ex gobernador Dr. Samuel Oca\u00f1a Garc\u00eda tuvo a\u00a0 bien \u00a0revalorar el conocimiento cultural de nuestros pueblos originarios, a la par de un intento de atraer turismo a la regi\u00f3n e impulsar la econom\u00eda, creando\u00a0 para ello la red estatal de museos, bajo la direcci\u00f3n de Ana Sylvia Labor\u00edn Abascal. El Decreto No. 273 del Bolet\u00edn Oficial del Estado da or\u00edgen a Museo de los Yaquis, publicado con fecha 2 de agosto de 1985. Previamente hab\u00eda dispuesto inaugurar museos en: Cananea, \u00c1lamos y Bah\u00eda de Kino; el Museo de la Lucha Obrera, el Museo Costumbrista de Sonora y el Museo \u00c9tnico de los Seris, respectivamente. Ahora, la idea central concebida, como lo expresa en su placa inaugural, el establecer en Ciudad Obreg\u00f3n el Museo \u00c9tnico de los Yaquis, es: \u201centregar al pueblo de Sonora, un recinto en el que se pueda reconocer la cultura de un pueblo ind\u00f3mito que defendi\u00f3 su historia y su existencia misma\u201d, de fecha: 15 de agosto de 1985.<\/p>\t\t\t\t\t\t\t\t<\/div>\n\t\t\t\t<\/div>\n\t\t\t\t\t<\/div>\n\t\t<\/div>\n\t\t\t\t<div class=\"elementor-column elementor-col-50 elementor-top-column elementor-element elementor-element-4a8dc1c\" data-id=\"4a8dc1c\" data-element_type=\"column\" data-e-type=\"column\">\n\t\t\t<div class=\"elementor-widget-wrap elementor-element-populated\">\n\t\t\t\t\t\t<div class=\"elementor-element elementor-element-e35630b elementor-widget elementor-widget-image\" data-id=\"e35630b\" data-element_type=\"widget\" data-e-type=\"widget\" data-widget_type=\"image.default\">\n\t\t\t\t<div class=\"elementor-widget-container\">\n\t\t\t\t\t\t\t\t\t\t\t\t<figure class=\"wp-caption\">\n\t\t\t\t\t\t\t\t\t\t<img fetchpriority=\"high\" decoding=\"async\" width=\"1024\" height=\"627\" src=\"https:\/\/redescubramossonora.mx\/museodelosyaquis\/wp-content\/uploads\/2022\/08\/museo-biblio-1024x627.jpg\" class=\"attachment-large size-large wp-image-8513\" alt=\"\" srcset=\"https:\/\/redescubramossonora.mx\/museodelosyaquis\/wp-content\/uploads\/2022\/08\/museo-biblio-1024x627.jpg 1024w, https:\/\/redescubramossonora.mx\/museodelosyaquis\/wp-content\/uploads\/2022\/08\/museo-biblio-300x184.jpg 300w, https:\/\/redescubramossonora.mx\/museodelosyaquis\/wp-content\/uploads\/2022\/08\/museo-biblio-768x470.jpg 768w, https:\/\/redescubramossonora.mx\/museodelosyaquis\/wp-content\/uploads\/2022\/08\/museo-biblio-1536x941.jpg 1536w, https:\/\/redescubramossonora.mx\/museodelosyaquis\/wp-content\/uploads\/2022\/08\/museo-biblio-205x126.jpg 205w, https:\/\/redescubramossonora.mx\/museodelosyaquis\/wp-content\/uploads\/2022\/08\/museo-biblio-1561x956.jpg 1561w\" sizes=\"(max-width: 1024px) 100vw, 1024px\" \/>\t\t\t\t\t\t\t\t\t\t\t<figcaption class=\"widget-image-caption wp-caption-text\">Acervo: Felipe de Jes\u00fas Valenzuela Morales<\/figcaption>\n\t\t\t\t\t\t\t\t\t\t<\/figure>\n\t\t\t\t\t\t\t\t\t<\/div>\n\t\t\t\t<\/div>\n\t\t\t\t\t<\/div>\n\t\t<\/div>\n\t\t\t\t\t<\/div>\n\t\t<\/section>\n\t\t\t\t<section class=\"elementor-section elementor-top-section elementor-element elementor-element-588f757 elementor-section-boxed elementor-section-height-default elementor-section-height-default\" data-id=\"588f757\" data-element_type=\"section\" data-e-type=\"section\">\n\t\t\t\t\t\t<div class=\"elementor-container elementor-column-gap-default\">\n\t\t\t\t\t<div class=\"elementor-column elementor-col-50 elementor-top-column elementor-element elementor-element-c60019e\" data-id=\"c60019e\" data-element_type=\"column\" data-e-type=\"column\" data-settings=\"{&quot;background_background&quot;:&quot;classic&quot;}\">\n\t\t\t<div class=\"elementor-widget-wrap elementor-element-populated\">\n\t\t\t\t\t\t<div class=\"elementor-element elementor-element-fb4a791 elementor-widget elementor-widget-image\" data-id=\"fb4a791\" data-element_type=\"widget\" data-e-type=\"widget\" data-widget_type=\"image.default\">\n\t\t\t\t<div class=\"elementor-widget-container\">\n\t\t\t\t\t\t\t\t\t\t\t\t<figure class=\"wp-caption\">\n\t\t\t\t\t\t\t\t\t\t<img decoding=\"async\" width=\"2500\" height=\"1639\" src=\"https:\/\/redescubramossonora.mx\/museodelosyaquis\/wp-content\/uploads\/2022\/08\/museo_biblioteca_02-2500x1639.jpg\" class=\"attachment-full size-full wp-image-8520\" alt=\"\" srcset=\"https:\/\/redescubramossonora.mx\/museodelosyaquis\/wp-content\/uploads\/2022\/08\/museo_biblioteca_02-2500x1639.jpg 2500w, https:\/\/redescubramossonora.mx\/museodelosyaquis\/wp-content\/uploads\/2022\/08\/museo_biblioteca_02-300x197.jpg 300w, https:\/\/redescubramossonora.mx\/museodelosyaquis\/wp-content\/uploads\/2022\/08\/museo_biblioteca_02-768x504.jpg 768w, https:\/\/redescubramossonora.mx\/museodelosyaquis\/wp-content\/uploads\/2022\/08\/museo_biblioteca_02-1024x671.jpg 1024w, https:\/\/redescubramossonora.mx\/museodelosyaquis\/wp-content\/uploads\/2022\/08\/museo_biblioteca_02-1536x1007.jpg 1536w, https:\/\/redescubramossonora.mx\/museodelosyaquis\/wp-content\/uploads\/2022\/08\/museo_biblioteca_02-2048x1343.jpg 2048w, https:\/\/redescubramossonora.mx\/museodelosyaquis\/wp-content\/uploads\/2022\/08\/museo_biblioteca_02-205x134.jpg 205w\" sizes=\"(max-width: 2500px) 100vw, 2500px\" \/>\t\t\t\t\t\t\t\t\t\t\t<figcaption class=\"widget-image-caption wp-caption-text\">Acervo: Museo de Los Yaquis<\/figcaption>\n\t\t\t\t\t\t\t\t\t\t<\/figure>\n\t\t\t\t\t\t\t\t\t<\/div>\n\t\t\t\t<\/div>\n\t\t\t\t\t<\/div>\n\t\t<\/div>\n\t\t\t\t<div class=\"elementor-column elementor-col-50 elementor-top-column elementor-element elementor-element-2c0ff45\" data-id=\"2c0ff45\" data-element_type=\"column\" data-e-type=\"column\" data-settings=\"{&quot;background_background&quot;:&quot;classic&quot;}\">\n\t\t\t<div class=\"elementor-widget-wrap elementor-element-populated\">\n\t\t\t\t\t\t<div class=\"elementor-element elementor-element-5c9b498 elementor-widget elementor-widget-text-editor\" data-id=\"5c9b498\" data-element_type=\"widget\" data-e-type=\"widget\" data-widget_type=\"text-editor.default\">\n\t\t\t\t<div class=\"elementor-widget-container\">\n\t\t\t\t\t\t\t\t\t<p>El sitio para albergar este importante acervo, result\u00f3 ser el recientemente inaugurado edificio sede de la Biblioteca P\u00fablica Municipal de Cd. Obreg\u00f3n, Sonora, moderna construcci\u00f3n de tres niveles dise\u00f1ados por los arquitectos: Heberto Aguirre Guti\u00e9rrez y Carlos Arturo Acosta Gonz\u00e1lez, ubicado en el cruce de las calles 5 de Febrero y Allende. Para su dise\u00f1o se cont\u00f3 con la presencia de expertos muse\u00f3grafos del centro de la rep\u00fablica, trabajando en conjunto con promotores culturales de la regi\u00f3n yaqui y mayo, y el Mtro. Antonio Estrada Cant\u00faa, Director del recientemente inaugurado Museo Costumbrista de Sonora en la Ciudad de \u00c1lamos, el profesor, poeta y juglar Yaqui, Don Santos Garc\u00eda Wikki, quien fungiera como embajador de la cultura yaqui, al\u00a0 permanecer por varios a\u00f1os en Francia y Jap\u00f3n y los propios empleados del museo como Alberto S\u00e1nchez Ram\u00edrez y Rogelio \u00c1lvarez Valencia y Ramiro Verdugo Estrada. El acervo fue adquirido, mediante un programa de intercambio promovido por la Sra. Ana Silvia Labor\u00edn Abascal, en la que entrevist\u00e1ndose con los gobernadores de las poblaciones yaquis, les ofrec\u00eda prestar servicios de salud a miembros de la tribu que as\u00ed lo requirieran, y ese acercamiento brind\u00f3 tal apertura, que les permiti\u00f3 acceder a tomar algunas fotograf\u00edas bastante significativas para el proyecto. La figura del comodato tambi\u00e9n estuvo presente, a trav\u00e9s de personas entusiastas, con alguna inquietud de dar a conocer la fascinaci\u00f3n y misticismo que envuelve el mundo cultural del pueblo yaqui. En este caso pudi\u00e9ramos nombrar al mismo Dr. Oscar S\u00e1nchez M\u00e1rquez, la Sra. Gertrudis Valencia Bacasegua, artesana del pueblo de Loma de Guam\u00fachil que elaboraba mu\u00f1ecas tradicionales yaquis, la Sra. Alicia Salazar, familiar cercana a Teresa Urrea, quien ofreci\u00f3 como atuendo, un abrigo que hab\u00eda sido propiedad de este importante personaje hist\u00f3rico, la Santa de Cabora.<\/p>\t\t\t\t\t\t\t\t<\/div>\n\t\t\t\t<\/div>\n\t\t\t\t\t<\/div>\n\t\t<\/div>\n\t\t\t\t\t<\/div>\n\t\t<\/section>\n\t\t\t\t<section class=\"elementor-section elementor-top-section elementor-element elementor-element-c6b34de elementor-section-boxed elementor-section-height-default elementor-section-height-default\" data-id=\"c6b34de\" data-element_type=\"section\" data-e-type=\"section\">\n\t\t\t\t\t\t<div class=\"elementor-container elementor-column-gap-default\">\n\t\t\t\t\t<div class=\"elementor-column elementor-col-50 elementor-top-column elementor-element elementor-element-d0bf20a\" data-id=\"d0bf20a\" data-element_type=\"column\" data-e-type=\"column\">\n\t\t\t<div class=\"elementor-widget-wrap elementor-element-populated\">\n\t\t\t\t\t\t<div class=\"elementor-element elementor-element-e9feaa8 elementor-widget elementor-widget-text-editor\" data-id=\"e9feaa8\" data-element_type=\"widget\" data-e-type=\"widget\" data-widget_type=\"text-editor.default\">\n\t\t\t\t<div class=\"elementor-widget-container\">\n\t\t\t\t\t\t\t\t\t<p>\u00a0En este su primer per\u00edodo de funciones del Museo de los Yaquis, que tuvo una duraci\u00f3n aproximada de 20 a\u00f1os, en su etapa de arranque fue dirigido de manera honoraria por el Dr. Oscar S\u00e1nchez M\u00e1rquez, nacido en el puerto de Guaymas, reconocido m\u00e9dico, escritor, docente, un apasionado y entusiasta de la historia de nuestra regi\u00f3n y de la cultura yaqui. Meses m\u00e1s tarde, y por solo unos meses, tom\u00f3 el cargo de director el Arq. Cesar Esquer Acu\u00f1a. El d\u00eda19 de noviembre de 1985, se asigna la direcci\u00f3n de la Biblioteca a la Maestra Herma S\u00e1nchez de Rodr\u00edguez, quien m\u00e1s tarde y a la par,\u00a0fuera tambi\u00e9n directora del Museo de los Yaquis. Es interesante hacer menci\u00f3n que, como una manera de dar a conocer el espacio a la poblaci\u00f3n que durante el primer a\u00f1o de actividad del museo su acceso a todo visitante fue de car\u00e1cter gratuito. Durante todo este lapso se logr\u00f3 tener un acercamiento a la cultura yaqui, con una gran diversidad de estudiantes de todos los niveles educativos, as\u00ed como visitantes nacionales y extranjeros. Por varios a\u00f1os, se pudo tener la fortuna de contar con la presencia del Mtro. Yaqui Don Santos Garc\u00eda Wikit, quien, en ciertas ocasiones, sol\u00eda guiar a grupos especiales de visitantes, brindando una perspectiva m\u00e1s amplia acerca de la preciada cultura de su propio pueblo.<\/p>\t\t\t\t\t\t\t\t<\/div>\n\t\t\t\t<\/div>\n\t\t\t\t\t<\/div>\n\t\t<\/div>\n\t\t\t\t<div class=\"elementor-column elementor-col-50 elementor-top-column elementor-element elementor-element-0f90253\" data-id=\"0f90253\" data-element_type=\"column\" data-e-type=\"column\">\n\t\t\t<div class=\"elementor-widget-wrap elementor-element-populated\">\n\t\t\t\t\t\t<div class=\"elementor-element elementor-element-ce83bbd elementor-widget elementor-widget-image\" data-id=\"ce83bbd\" data-element_type=\"widget\" data-e-type=\"widget\" data-widget_type=\"image.default\">\n\t\t\t\t<div class=\"elementor-widget-container\">\n\t\t\t\t\t\t\t\t\t\t\t\t<figure class=\"wp-caption\">\n\t\t\t\t\t\t\t\t\t\t<img decoding=\"async\" width=\"1024\" height=\"803\" src=\"https:\/\/redescubramossonora.mx\/museodelosyaquis\/wp-content\/uploads\/2022\/08\/museo-biblioteca-02-1024x803.jpg\" class=\"attachment-large size-large wp-image-8527\" alt=\"\" srcset=\"https:\/\/redescubramossonora.mx\/museodelosyaquis\/wp-content\/uploads\/2022\/08\/museo-biblioteca-02-1024x803.jpg 1024w, https:\/\/redescubramossonora.mx\/museodelosyaquis\/wp-content\/uploads\/2022\/08\/museo-biblioteca-02-300x235.jpg 300w, https:\/\/redescubramossonora.mx\/museodelosyaquis\/wp-content\/uploads\/2022\/08\/museo-biblioteca-02-768x602.jpg 768w, https:\/\/redescubramossonora.mx\/museodelosyaquis\/wp-content\/uploads\/2022\/08\/museo-biblioteca-02-1536x1205.jpg 1536w, https:\/\/redescubramossonora.mx\/museodelosyaquis\/wp-content\/uploads\/2022\/08\/museo-biblioteca-02-2048x1606.jpg 2048w, https:\/\/redescubramossonora.mx\/museodelosyaquis\/wp-content\/uploads\/2022\/08\/museo-biblioteca-02-205x161.jpg 205w\" sizes=\"(max-width: 1024px) 100vw, 1024px\" \/>\t\t\t\t\t\t\t\t\t\t\t<figcaption class=\"widget-image-caption wp-caption-text\">Acervo: Museo de Los Yaquis<\/figcaption>\n\t\t\t\t\t\t\t\t\t\t<\/figure>\n\t\t\t\t\t\t\t\t\t<\/div>\n\t\t\t\t<\/div>\n\t\t\t\t\t<\/div>\n\t\t<\/div>\n\t\t\t\t\t<\/div>\n\t\t<\/section>\n\t\t\t\t<section class=\"elementor-section elementor-top-section elementor-element elementor-element-0a1710f elementor-section-boxed elementor-section-height-default elementor-section-height-default\" data-id=\"0a1710f\" data-element_type=\"section\" data-e-type=\"section\">\n\t\t\t\t\t\t<div class=\"elementor-container elementor-column-gap-default\">\n\t\t\t\t\t<div class=\"elementor-column elementor-col-50 elementor-top-column elementor-element elementor-element-2cb0aed\" data-id=\"2cb0aed\" data-element_type=\"column\" data-e-type=\"column\" data-settings=\"{&quot;background_background&quot;:&quot;classic&quot;}\">\n\t\t\t<div class=\"elementor-widget-wrap elementor-element-populated\">\n\t\t\t\t\t\t<div class=\"elementor-element elementor-element-a7b0c3a elementor-widget elementor-widget-image\" data-id=\"a7b0c3a\" data-element_type=\"widget\" data-e-type=\"widget\" data-widget_type=\"image.default\">\n\t\t\t\t<div class=\"elementor-widget-container\">\n\t\t\t\t\t\t\t\t\t\t\t\t<figure class=\"wp-caption\">\n\t\t\t\t\t\t\t\t\t\t<img loading=\"lazy\" decoding=\"async\" width=\"721\" height=\"951\" src=\"https:\/\/redescubramossonora.mx\/museodelosyaquis\/wp-content\/uploads\/2022\/08\/entrada_museo-721x951.jpg\" class=\"attachment-large size-large wp-image-8506\" alt=\"\" srcset=\"https:\/\/redescubramossonora.mx\/museodelosyaquis\/wp-content\/uploads\/2022\/08\/entrada_museo-721x951.jpg 721w, https:\/\/redescubramossonora.mx\/museodelosyaquis\/wp-content\/uploads\/2022\/08\/entrada_museo-227x300.jpg 227w, https:\/\/redescubramossonora.mx\/museodelosyaquis\/wp-content\/uploads\/2022\/08\/entrada_museo-205x270.jpg 205w\" sizes=\"(max-width: 721px) 100vw, 721px\" \/>\t\t\t\t\t\t\t\t\t\t\t<figcaption class=\"widget-image-caption wp-caption-text\">Fotograf\u00eda: Casa Esquer Terminel, a\u00f1o 2005<\/figcaption>\n\t\t\t\t\t\t\t\t\t\t<\/figure>\n\t\t\t\t\t\t\t\t\t<\/div>\n\t\t\t\t<\/div>\n\t\t\t\t\t<\/div>\n\t\t<\/div>\n\t\t\t\t<div class=\"elementor-column elementor-col-50 elementor-top-column elementor-element elementor-element-9b30c96\" data-id=\"9b30c96\" data-element_type=\"column\" data-e-type=\"column\" data-settings=\"{&quot;background_background&quot;:&quot;classic&quot;}\">\n\t\t\t<div class=\"elementor-widget-wrap elementor-element-populated\">\n\t\t\t\t\t\t<div class=\"elementor-element elementor-element-f3da12d elementor-widget elementor-widget-text-editor\" data-id=\"f3da12d\" data-element_type=\"widget\" data-e-type=\"widget\" data-widget_type=\"text-editor.default\">\n\t\t\t\t<div class=\"elementor-widget-container\">\n\t\t\t\t\t\t\t\t\t<p>Fue gracias a las gestiones emprendidas por la Lic. Trinidad Ruiz Ruiz y el Ing. Jos\u00e9 Antonio Mej\u00eda Mu\u00f1oz, a cargo del Centro de Culturas Populares de Cajeme de la hoy, Secretar\u00eda de Cultura con sede en Cd Obreg\u00f3n, que mediante el Programa de Apoyo a la Infraestructura Cultural de los Estados (PAICE), se consiguiera remodelar el edificio hist\u00f3rico de la Familia Esquer Terminel, en la poblaci\u00f3n de C\u00f3corit, adquirido por el Gobierno de Sonora para acercar el museo a territorio yaqui.<\/p><p>De manera tal, que el 31 de enero de 2006, el total del acervo se hallaba ya en su nueva casa.<\/p>\t\t\t\t\t\t\t\t<\/div>\n\t\t\t\t<\/div>\n\t\t\t\t\t<\/div>\n\t\t<\/div>\n\t\t\t\t\t<\/div>\n\t\t<\/section>\n\t\t\t\t<section class=\"elementor-section elementor-top-section elementor-element elementor-element-ce5ceff elementor-section-boxed elementor-section-height-default elementor-section-height-default\" data-id=\"ce5ceff\" data-element_type=\"section\" data-e-type=\"section\">\n\t\t\t\t\t\t<div class=\"elementor-container elementor-column-gap-default\">\n\t\t\t\t\t<div class=\"elementor-column elementor-col-50 elementor-top-column elementor-element elementor-element-10aab5f\" data-id=\"10aab5f\" data-element_type=\"column\" data-e-type=\"column\">\n\t\t\t<div class=\"elementor-widget-wrap elementor-element-populated\">\n\t\t\t\t\t\t<div class=\"elementor-element elementor-element-8d8af7e elementor-widget elementor-widget-text-editor\" data-id=\"8d8af7e\" data-element_type=\"widget\" data-e-type=\"widget\" data-widget_type=\"text-editor.default\">\n\t\t\t\t<div class=\"elementor-widget-container\">\n\t\t\t\t\t\t\t\t\t<p>No ser\u00eda sino dos a\u00f1os y tres meses m\u00e1s tarde, que tuviera lugar la re-inaguraci\u00f3n busc\u00e1ndose para ello una fecha significativa, un d\u00eda de aniversario de fundaci\u00f3n del pueblo, \u201cEsp\u00edritu Santo de C\u00f3corit\u201d o C\u00f3corit del Esp\u00edritu Santo. Una fecha movible, que el a\u00f1o 2008, caer\u00eda el d\u00eda 10 de abril. Lo anterior no habr\u00eda sido posible, sin el entusiasmo participativo de un patronato previamente integrado por personalidades como: Lic. Alberto Flores Urbina, Arq. Ram\u00f3n M\u00e9ndez S\u00e1inz, H\u00e9ctor Mart\u00ednez Arteche, Ing. Jes\u00fas Rodolfo Bours Mu\u00f1oz, Sra. Rossana de Herrera, Lic. Ana Lim\u00f3n Ramos, Ma. Elena Moreno Apodaca, Alma Alicia \u00c1lvarez F\u00e9lix, Lic. Trinidad Ruiz Ruiz, Ing. Jos\u00e9 Antonio Mej\u00eda Mu\u00f1oz, Arq. Pablo Machado Osuna y el cronista de C\u00f3corit, Humberto Ram\u00edrez, entre otras personalidades.<\/p><p>En esta segunda etapa la vocaci\u00f3n educativa del museo se vio fortalecida con una vinculaci\u00f3n m\u00e1s cercana a la etnia yaqui, una visi\u00f3n integral en el uso de modernas herramientas tecnol\u00f3gicas y una mayor interactividad. Para ello, se dispone de: talleres, exposiciones temporales, conferencias, conversatorios, presentaciones de libros, exposiciones de pintura y campamentos de verano, que brindan una estrecha aproximaci\u00f3n en torno a la expresi\u00f3n cultural del pueblo yaqui. \u00a0<\/p>\t\t\t\t\t\t\t\t<\/div>\n\t\t\t\t<\/div>\n\t\t\t\t\t<\/div>\n\t\t<\/div>\n\t\t\t\t<div class=\"elementor-column elementor-col-50 elementor-top-column elementor-element elementor-element-4553891\" data-id=\"4553891\" data-element_type=\"column\" data-e-type=\"column\">\n\t\t\t<div class=\"elementor-widget-wrap elementor-element-populated\">\n\t\t\t\t\t\t<div class=\"elementor-element elementor-element-815b9dc elementor-widget elementor-widget-image\" data-id=\"815b9dc\" data-element_type=\"widget\" data-e-type=\"widget\" data-widget_type=\"image.default\">\n\t\t\t\t<div class=\"elementor-widget-container\">\n\t\t\t\t\t\t\t\t\t\t\t\t<figure class=\"wp-caption\">\n\t\t\t\t\t\t\t\t\t\t<img loading=\"lazy\" decoding=\"async\" width=\"768\" height=\"512\" src=\"https:\/\/redescubramossonora.mx\/museodelosyaquis\/wp-content\/uploads\/2022\/08\/WEB-CATALOGACION-OBREGON-2016-3039-768x512-1-768x512.jpg\" class=\"attachment-full size-full wp-image-8560\" alt=\"\" srcset=\"https:\/\/redescubramossonora.mx\/museodelosyaquis\/wp-content\/uploads\/2022\/08\/WEB-CATALOGACION-OBREGON-2016-3039-768x512-1-768x512.jpg 768w, https:\/\/redescubramossonora.mx\/museodelosyaquis\/wp-content\/uploads\/2022\/08\/WEB-CATALOGACION-OBREGON-2016-3039-768x512-1-300x200.jpg 300w, https:\/\/redescubramossonora.mx\/museodelosyaquis\/wp-content\/uploads\/2022\/08\/WEB-CATALOGACION-OBREGON-2016-3039-768x512-1-205x137.jpg 205w\" sizes=\"(max-width: 768px) 100vw, 768px\" \/>\t\t\t\t\t\t\t\t\t\t\t<figcaption class=\"widget-image-caption wp-caption-text\"> Fot\u00f3grafo: Olavo Rojas<\/figcaption>\n\t\t\t\t\t\t\t\t\t\t<\/figure>\n\t\t\t\t\t\t\t\t\t<\/div>\n\t\t\t\t<\/div>\n\t\t\t\t\t<\/div>\n\t\t<\/div>\n\t\t\t\t\t<\/div>\n\t\t<\/section>\n\t\t\t\t<section class=\"elementor-section elementor-top-section elementor-element elementor-element-9acdd5c elementor-section-boxed elementor-section-height-default elementor-section-height-default\" data-id=\"9acdd5c\" data-element_type=\"section\" data-e-type=\"section\">\n\t\t\t\t\t\t<div class=\"elementor-container elementor-column-gap-default\">\n\t\t\t\t\t<div class=\"elementor-column elementor-col-100 elementor-top-column elementor-element elementor-element-0baa49d\" data-id=\"0baa49d\" data-element_type=\"column\" data-e-type=\"column\">\n\t\t\t<div class=\"elementor-widget-wrap elementor-element-populated\">\n\t\t\t\t\t\t<div class=\"elementor-element elementor-element-7c7e83b elementor-widget elementor-widget-html\" data-id=\"7c7e83b\" data-element_type=\"widget\" data-e-type=\"widget\" data-widget_type=\"html.default\">\n\t\t\t\t<div class=\"elementor-widget-container\">\n\t\t\t\t\t<script> \njQuery(document).ready(function($) { \nvar delay = 100; setTimeout(function() { \n$('.elementor-tab-title').removeClass('elementor-active');\n $('.elementor-tab-content').css('display', 'none'); }, delay); \n}); \n<\/script>\t\t\t\t<\/div>\n\t\t\t\t<\/div>\n\t\t\t\t<div class=\"elementor-element elementor-element-8cae4a4 elementor-widget elementor-widget-accordion\" data-id=\"8cae4a4\" data-element_type=\"widget\" data-e-type=\"widget\" data-widget_type=\"accordion.default\">\n\t\t\t\t<div class=\"elementor-widget-container\">\n\t\t\t\t\t\t\t<div class=\"elementor-accordion\">\n\t\t\t\t\t\t\t<div class=\"elementor-accordion-item\">\n\t\t\t\t\t<div id=\"elementor-tab-title-1471\" class=\"elementor-tab-title\" data-tab=\"1\" role=\"button\" aria-controls=\"elementor-tab-content-1471\" aria-expanded=\"false\">\n\t\t\t\t\t\t\t\t\t\t\t\t\t<span class=\"elementor-accordion-icon elementor-accordion-icon-left\" aria-hidden=\"true\">\n\t\t\t\t\t\t\t\t\t\t\t\t\t\t\t<span class=\"elementor-accordion-icon-closed\"><i class=\"fas fa-pen-alt\"><\/i><\/span>\n\t\t\t\t\t\t\t\t<span class=\"elementor-accordion-icon-opened\"><i class=\"fas fa-pen-alt\"><\/i><\/span>\n\t\t\t\t\t\t\t\t\t\t\t\t\t\t<\/span>\n\t\t\t\t\t\t\t\t\t\t\t\t<a class=\"elementor-accordion-title\" tabindex=\"0\">Cr\u00e9ditos<\/a>\n\t\t\t\t\t<\/div>\n\t\t\t\t\t<div id=\"elementor-tab-content-1471\" class=\"elementor-tab-content elementor-clearfix\" data-tab=\"1\" role=\"region\" aria-labelledby=\"elementor-tab-title-1471\"><div id=\"elementor-tab-content-5761\" class=\"elementor-tab-content elementor-clearfix elementor-active\" role=\"tabpanel\" data-tab=\"1\" aria-labelledby=\"elementor-tab-title-5761\"><p>Dise\u00f1o y direcci\u00f3n general del proyecto.\u00a0Mirko Marzadro (ITESCA)<\/p><p>Direcci\u00f3n ejecutiva del proyecto, dise\u00f1o y desarrollo de software. Olavo Rojas Vega (Redescubramos Sonora A.C.)<\/p><p>Catalogaci\u00f3n. Felipe L\u00f3pez Valent\u00edn (Redescubramos Sonora A.C.)<\/p><p><strong>Investigaci\u00f3n y redacci\u00f3n<\/strong><\/p><p>Jos\u00e9 Mar\u00eda Ruiz F\u00e9lix<\/p><p>Mirko Marzadro<\/p><p><strong>Im\u00e1genes<\/strong><\/p><p>Felipe de Jes\u00fas Valenzuela Morales<\/p><p>Antonio Estrada Cant\u00faa<\/p><p>Museo \u00c9tnico de los Yaquis<\/p><p>Olavo Rojas<\/p><p><strong>Dise\u00f1o web<\/strong><\/p><p>Olavo Rojas Vega<\/p><\/div><\/div>\n\t\t\t\t<\/div>\n\t\t\t\t\t\t\t\t<\/div>\n\t\t\t\t\t\t<\/div>\n\t\t\t\t<\/div>\n\t\t\t\t\t<\/div>\n\t\t<\/div>\n\t\t\t\t\t<\/div>\n\t\t<\/section>\n\t\t\t\t<section class=\"elementor-section elementor-top-section elementor-element elementor-element-aec04be elementor-section-boxed elementor-section-height-default elementor-section-height-default\" data-id=\"aec04be\" data-element_type=\"section\" data-e-type=\"section\">\n\t\t\t\t\t\t<div class=\"elementor-container elementor-column-gap-default\">\n\t\t\t\t\t<div class=\"elementor-column elementor-col-100 elementor-top-column elementor-element elementor-element-ad805c7\" data-id=\"ad805c7\" data-element_type=\"column\" data-e-type=\"column\">\n\t\t\t<div class=\"elementor-widget-wrap elementor-element-populated\">\n\t\t\t\t\t\t<div class=\"elementor-element elementor-element-483560a elementor-widget elementor-widget-accordion\" data-id=\"483560a\" data-element_type=\"widget\" data-e-type=\"widget\" data-widget_type=\"accordion.default\">\n\t\t\t\t<div class=\"elementor-widget-container\">\n\t\t\t\t\t\t\t<div class=\"elementor-accordion\">\n\t\t\t\t\t\t\t<div class=\"elementor-accordion-item\">\n\t\t\t\t\t<div id=\"elementor-tab-title-7571\" class=\"elementor-tab-title\" data-tab=\"1\" role=\"button\" aria-controls=\"elementor-tab-content-7571\" aria-expanded=\"false\">\n\t\t\t\t\t\t\t\t\t\t\t\t\t<span class=\"elementor-accordion-icon elementor-accordion-icon-left\" aria-hidden=\"true\">\n\t\t\t\t\t\t\t\t\t\t\t\t\t\t\t<span class=\"elementor-accordion-icon-closed\"><i class=\"fas fa-handshake\"><\/i><\/span>\n\t\t\t\t\t\t\t\t<span class=\"elementor-accordion-icon-opened\"><i class=\"fas fa-handshake\"><\/i><\/span>\n\t\t\t\t\t\t\t\t\t\t\t\t\t\t<\/span>\n\t\t\t\t\t\t\t\t\t\t\t\t<a class=\"elementor-accordion-title\" tabindex=\"0\">Agradecimientos<\/a>\n\t\t\t\t\t<\/div>\n\t\t\t\t\t<div id=\"elementor-tab-content-7571\" class=\"elementor-tab-content elementor-clearfix\" data-tab=\"1\" role=\"region\" aria-labelledby=\"elementor-tab-title-7571\"><div id=\"elementor-tab-content-1791\" class=\"elementor-tab-content elementor-clearfix elementor-active\" role=\"tabpanel\" data-tab=\"1\" aria-labelledby=\"elementor-tab-title-1791\"><p>Directora General del Instituto Sonorense de Cultura.\u00a0 Guadalupe Beatriz Aldaco Encinas<\/p><p>Coordinador de Patrimonio Cultural del Estado de Sonora.\u00a0Francisco Ram\u00edrez Arroyo<\/p><p>Responsable del Museo \u00c9tnico de los Yaquis.\u00a0Reyna Lourdes Anguamea Buitimea<\/p><p>Directora General del Instituto Tecnol\u00f3gico\u00a0Superior de Cajeme. Martha Patricia Pati\u00f1o Fierro<\/p><\/div><\/div>\n\t\t\t\t<\/div>\n\t\t\t\t\t\t\t\t<\/div>\n\t\t\t\t\t\t<\/div>\n\t\t\t\t<\/div>\n\t\t\t\t\t<\/div>\n\t\t<\/div>\n\t\t\t\t\t<\/div>\n\t\t<\/section>\n\t\t\t\t<\/div>\n\t\t","protected":false},"excerpt":{"rendered":"<p>Buscando dejar atr\u00e1s\u00a0 la imagen impuesta por el primer Secretario de Educaci\u00f3n en el pa\u00eds, el propio maestro de Am\u00e9rica, Jos\u00e9 Vasconcelos, quien hab\u00eda una vez expresado: \u201cSonora es el lugar donde termina la cultura y empieza la carne asada\u201d, el plan de sexenio del\u00a0 ex gobernador Dr. Samuel Oca\u00f1a Garc\u00eda tuvo a\u00a0 bien \u00a0revalorar [&hellip;]<\/p>\n","protected":false},"author":1,"featured_media":0,"parent":0,"menu_order":0,"comment_status":"closed","ping_status":"closed","template":"","meta":{"footnotes":""},"class_list":["post-1911","page","type-page","status-publish","hentry"],"blocksy_meta":{"styles_descriptor":{"styles":{"desktop":"","tablet":"","mobile":""},"google_fonts":[],"version":6}},"_links":{"self":[{"href":"https:\/\/redescubramossonora.mx\/museodelosyaquis\/wp-json\/wp\/v2\/pages\/1911","targetHints":{"allow":["GET"]}}],"collection":[{"href":"https:\/\/redescubramossonora.mx\/museodelosyaquis\/wp-json\/wp\/v2\/pages"}],"about":[{"href":"https:\/\/redescubramossonora.mx\/museodelosyaquis\/wp-json\/wp\/v2\/types\/page"}],"author":[{"embeddable":true,"href":"https:\/\/redescubramossonora.mx\/museodelosyaquis\/wp-json\/wp\/v2\/users\/1"}],"replies":[{"embeddable":true,"href":"https:\/\/redescubramossonora.mx\/museodelosyaquis\/wp-json\/wp\/v2\/comments?post=1911"}],"version-history":[{"count":3,"href":"https:\/\/redescubramossonora.mx\/museodelosyaquis\/wp-json\/wp\/v2\/pages\/1911\/revisions"}],"predecessor-version":[{"id":0,"href":"https:\/\/redescubramossonora.mx\/museodelosyaquis\/wp-json\/wp\/v2\/pages\/1911\/revisions\/0"}],"wp:attachment":[{"href":"https:\/\/redescubramossonora.mx\/museodelosyaquis\/wp-json\/wp\/v2\/media?parent=1911"}],"curies":[{"name":"wp","href":"https:\/\/api.w.org\/{rel}","templated":true}]}}